{"id":712,"date":"2022-09-14T18:21:49","date_gmt":"2022-09-14T18:21:49","guid":{"rendered":"https:\/\/sensei.uy\/marcas\/?page_id=711"},"modified":"2022-09-14T18:21:49","modified_gmt":"2022-09-14T18:21:49","slug":"26-fucvam-cooperativa-mesa-2","status":"publish","type":"page","link":"https:\/\/www.memoria.org.uy\/marcas\/26-fucvam-cooperativa-mesa-2\/","title":{"rendered":"26. FUCVAM-Cooperativa Mesa 2."},"content":{"rendered":"\n<div class=\"wp-block-media-text alignwide is-stacked-on-mobile has-background\" style=\"background-color:#f2eff5;grid-template-columns:52% auto\"><figure class=\"wp-block-media-text__media\"><img loading=\"lazy\" decoding=\"async\" width=\"540\" height=\"503\" src=\"https:\/\/www.memoria.org.uy\/marcas\/wp-content\/uploads\/2022\/09\/marca_26_g.jpg\" alt=\"\" class=\"wp-image-653 size-full\" srcset=\"https:\/\/www.memoria.org.uy\/marcas\/wp-content\/uploads\/2022\/09\/marca_26_g.jpg 540w, https:\/\/www.memoria.org.uy\/marcas\/wp-content\/uploads\/2022\/09\/marca_26_g-300x279.jpg 300w\" sizes=\"auto, (max-width: 540px) 100vw, 540px\" \/><\/figure><div class=\"wp-block-media-text__content\">\n<p><strong>FUCVAM-Cooperativa Mesa 2<\/strong>. <br>Fucvam, Mesa 2, Coronel Ra\u00edz y Camino Casavalle. Lugar de encuentro, participaci\u00f3n, agitaci\u00f3n y propaganda contra la dictadura.\u00a0<\/p>\n<\/div><\/div>\n\n\n\n<hr class=\"wp-block-separator has-text-color has-black-color has-css-opacity has-black-background-color has-background is-style-wide advgb-dyn-e75d8f65\"\/>\n\n\n\n<h2 class=\"wp-block-heading\" id=\"medios-e1ccef96-a234-4cba-9715-9a830e8bfffb\">INAUGURACI\u00d3N<\/h2>\n\n\n\n<div class=\"wp-block-kadence-rowlayout alignnone\"><div id=\"kt-layout-id_e92a50-99\" class=\"kt-row-layout-inner kt-row-has-bg kt-layout-id_e92a50-99\"><div class=\"kt-row-column-wrap kt-has-2-columns kt-gutter-default kt-v-gutter-default kt-row-valign-top kt-row-layout-equal kt-tab-layout-inherit kt-m-colapse-left-to-right kt-mobile-layout-row\">\n<div class=\"wp-block-kadence-column inner-column-1 kadence-column_d5f78a-69\"><div class=\"kt-inside-inner-col\">\n<div class=\"wp-block-getwid-images-slider has-arrows-inside has-dots-inside has-images-center has-cropped-images\"><div class=\"wp-block-getwid-images-slider__wrapper\" data-effect=\"slide\" data-slides-show=\"1\" data-slides-show-laptop=\"1\" data-slides-show-tablet=\"1\" data-slides-show-mobile=\"1\" data-slides-scroll=\"1\" data-autoplay=\"false\" data-autoplay-speed=\"6000\" data-infinite=\"true\" data-animation-speed=\"800\" data-center-mode=\"false\" data-variable-width=\"false\" data-arrows=\"inside\" data-dots=\"inside\" data-spacing=\"none\"><div class=\"wp-block-getwid-images-slider__item\"><figure><img loading=\"lazy\" decoding=\"async\" width=\"700\" height=\"410\" src=\"https:\/\/www.memoria.org.uy\/marcas\/wp-content\/uploads\/2021\/07\/178.jpg\" data-id=\"463\" data-link=\"https:\/\/sensei.uy\/marcas\/8-obelisco-de-los-constituyentes\/attachment\/178\/#main\" data-original-link=\"https:\/\/www.memoria.org.uy\/marcas\/wp-content\/uploads\/2021\/07\/178.jpg\" class=\"wp-block-getwid-images-slider__image wp-image-463\" srcset=\"https:\/\/www.memoria.org.uy\/marcas\/wp-content\/uploads\/2021\/07\/178.jpg 700w, https:\/\/www.memoria.org.uy\/marcas\/wp-content\/uploads\/2021\/07\/178-300x176.jpg 300w\" sizes=\"auto, (max-width: 700px) 100vw, 700px\" \/><\/figure><\/div><div class=\"wp-block-getwid-images-slider__item\"><figure><img loading=\"lazy\" decoding=\"async\" width=\"700\" height=\"410\" src=\"https:\/\/www.memoria.org.uy\/marcas\/wp-content\/uploads\/2021\/07\/166.jpg\" data-id=\"464\" data-link=\"https:\/\/sensei.uy\/marcas\/8-obelisco-de-los-constituyentes\/attachment\/166\/#main\" data-original-link=\"https:\/\/www.memoria.org.uy\/marcas\/wp-content\/uploads\/2021\/07\/166.jpg\" class=\"wp-block-getwid-images-slider__image wp-image-464\" srcset=\"https:\/\/www.memoria.org.uy\/marcas\/wp-content\/uploads\/2021\/07\/166.jpg 700w, https:\/\/www.memoria.org.uy\/marcas\/wp-content\/uploads\/2021\/07\/166-300x176.jpg 300w\" sizes=\"auto, (max-width: 700px) 100vw, 700px\" \/><\/figure><\/div><div class=\"wp-block-getwid-images-slider__item\"><figure><img loading=\"lazy\" decoding=\"async\" width=\"700\" height=\"410\" src=\"https:\/\/www.memoria.org.uy\/marcas\/wp-content\/uploads\/2021\/07\/162.jpg\" data-id=\"465\" data-link=\"https:\/\/sensei.uy\/marcas\/8-obelisco-de-los-constituyentes\/attachment\/162\/#main\" data-original-link=\"https:\/\/www.memoria.org.uy\/marcas\/wp-content\/uploads\/2021\/07\/162.jpg\" class=\"wp-block-getwid-images-slider__image wp-image-465\" srcset=\"https:\/\/www.memoria.org.uy\/marcas\/wp-content\/uploads\/2021\/07\/162.jpg 700w, https:\/\/www.memoria.org.uy\/marcas\/wp-content\/uploads\/2021\/07\/162-300x176.jpg 300w\" sizes=\"auto, (max-width: 700px) 100vw, 700px\" \/><\/figure><\/div><div class=\"wp-block-getwid-images-slider__item\"><figure><img loading=\"lazy\" decoding=\"async\" width=\"700\" height=\"410\" src=\"https:\/\/www.memoria.org.uy\/marcas\/wp-content\/uploads\/2021\/07\/146.jpg\" data-id=\"466\" data-link=\"https:\/\/sensei.uy\/marcas\/8-obelisco-de-los-constituyentes\/attachment\/146\/#main\" data-original-link=\"https:\/\/www.memoria.org.uy\/marcas\/wp-content\/uploads\/2021\/07\/146.jpg\" class=\"wp-block-getwid-images-slider__image wp-image-466\" srcset=\"https:\/\/www.memoria.org.uy\/marcas\/wp-content\/uploads\/2021\/07\/146.jpg 700w, https:\/\/www.memoria.org.uy\/marcas\/wp-content\/uploads\/2021\/07\/146-300x176.jpg 300w\" sizes=\"auto, (max-width: 700px) 100vw, 700px\" \/><\/figure><\/div><div class=\"wp-block-getwid-images-slider__item\"><figure><img loading=\"lazy\" decoding=\"async\" width=\"700\" height=\"410\" src=\"https:\/\/www.memoria.org.uy\/marcas\/wp-content\/uploads\/2021\/07\/141_0.jpg\" data-id=\"467\" data-link=\"https:\/\/sensei.uy\/marcas\/8-obelisco-de-los-constituyentes\/141_0\/#main\" data-original-link=\"https:\/\/www.memoria.org.uy\/marcas\/wp-content\/uploads\/2021\/07\/141_0.jpg\" class=\"wp-block-getwid-images-slider__image wp-image-467\" srcset=\"https:\/\/www.memoria.org.uy\/marcas\/wp-content\/uploads\/2021\/07\/141_0.jpg 700w, https:\/\/www.memoria.org.uy\/marcas\/wp-content\/uploads\/2021\/07\/141_0-300x176.jpg 300w\" sizes=\"auto, (max-width: 700px) 100vw, 700px\" \/><\/figure><\/div><div class=\"wp-block-getwid-images-slider__item\"><figure><img loading=\"lazy\" decoding=\"async\" width=\"700\" height=\"410\" src=\"https:\/\/www.memoria.org.uy\/marcas\/wp-content\/uploads\/2021\/07\/133_0.jpg\" data-id=\"468\" data-link=\"https:\/\/sensei.uy\/marcas\/8-obelisco-de-los-constituyentes\/133_0\/#main\" data-original-link=\"https:\/\/www.memoria.org.uy\/marcas\/wp-content\/uploads\/2021\/07\/133_0.jpg\" class=\"wp-block-getwid-images-slider__image wp-image-468\" srcset=\"https:\/\/www.memoria.org.uy\/marcas\/wp-content\/uploads\/2021\/07\/133_0.jpg 700w, https:\/\/www.memoria.org.uy\/marcas\/wp-content\/uploads\/2021\/07\/133_0-300x176.jpg 300w\" sizes=\"auto, (max-width: 700px) 100vw, 700px\" \/><\/figure><\/div><div class=\"wp-block-getwid-images-slider__item\"><figure><img loading=\"lazy\" decoding=\"async\" width=\"700\" height=\"410\" src=\"https:\/\/www.memoria.org.uy\/marcas\/wp-content\/uploads\/2021\/07\/114.jpg\" data-id=\"469\" data-link=\"https:\/\/sensei.uy\/marcas\/8-obelisco-de-los-constituyentes\/attachment\/114\/#main\" data-original-link=\"https:\/\/www.memoria.org.uy\/marcas\/wp-content\/uploads\/2021\/07\/114.jpg\" class=\"wp-block-getwid-images-slider__image wp-image-469\" srcset=\"https:\/\/www.memoria.org.uy\/marcas\/wp-content\/uploads\/2021\/07\/114.jpg 700w, https:\/\/www.memoria.org.uy\/marcas\/wp-content\/uploads\/2021\/07\/114-300x176.jpg 300w\" sizes=\"auto, (max-width: 700px) 100vw, 700px\" \/><\/figure><\/div><div class=\"wp-block-getwid-images-slider__item\"><figure><img loading=\"lazy\" decoding=\"async\" width=\"700\" height=\"410\" src=\"https:\/\/www.memoria.org.uy\/marcas\/wp-content\/uploads\/2021\/07\/109.jpg\" data-id=\"470\" data-link=\"https:\/\/sensei.uy\/marcas\/8-obelisco-de-los-constituyentes\/attachment\/109\/#main\" data-original-link=\"https:\/\/www.memoria.org.uy\/marcas\/wp-content\/uploads\/2021\/07\/109.jpg\" class=\"wp-block-getwid-images-slider__image wp-image-470\" srcset=\"https:\/\/www.memoria.org.uy\/marcas\/wp-content\/uploads\/2021\/07\/109.jpg 700w, https:\/\/www.memoria.org.uy\/marcas\/wp-content\/uploads\/2021\/07\/109-300x176.jpg 300w\" sizes=\"auto, (max-width: 700px) 100vw, 700px\" \/><\/figure><\/div><\/div><\/div>\n<\/div><\/div>\n\n\n\n<div class=\"wp-block-kadence-column inner-column-2 kadence-column_baf0e7-55\"><div class=\"kt-inside-inner-col\">\n<p>  29.11.2013 &#8211; 17:32. \u201cPor un Uruguay democr\u00e1tico sin exclusiones\u201d. Se cumplieron 30 a\u00f1os del acto del Obelisco contra la dictadura. En el acto de este mi\u00e9rcoles 27, se hizo presente el presidente de la Rep\u00fablica Jos\u00e9 Mujica y dem\u00e1s autoridades, entre ellas el alcalde del Municipio CH, Luis Luj\u00e1n.<br>En el Obelisco de los Constituyentes la Intendenta de Montevideo Ana Olivera coloc\u00f3 una nueva \u201cmarca\u201d de la resistencia contra la dictadura<br>Los oradores de la ceremonia fueron el presidente de la Junta Departamental de Montevideo, Miguel Vel\u00e1zquez, la presidenta de la organizaci\u00f3n \u201cMemoria de la Resistencia\u201d, Antonia Ya\u00f1ez, y la intendenta de Montevideo.&nbsp;<a rel=\"noreferrer noopener\" href=\"https:\/\/municipioch.montevideo.gub.uy\/comunicacion\/noticias\/por-un-uruguay-democratico-sin-exclusiones\" target=\"_blank\">Enlace Municipio Ch.<\/a>  <\/p>\n<\/div><\/div>\n<\/div><\/div><\/div>\n\n\n\n<hr class=\"wp-block-separator has-text-color has-black-color has-css-opacity has-black-background-color has-background is-style-wide advgb-dyn-e75d8f65\"\/>\n\n\n\n<h2 class=\"wp-block-heading\" id=\"medios-e1ccef96-a234-4cba-9715-9a830e8bfffb\">MEDIOS<\/h2>\n\n\n\n<p>Enlaces a publicaciones en medios audiovisuales<\/p>\n\n\n\n<p><\/p>\n\n\n\n<hr class=\"wp-block-separator has-text-color has-black-color has-css-opacity has-black-background-color has-background is-style-wide advgb-dyn-e75d8f65\"\/>\n\n\n\n<h2 class=\"wp-block-heading\" id=\"entrevistas-7549a4a6-50f3-4b88-af42-e4d8e11388d6\">ENTREVISTAS<\/h2>\n\n\n\n<p> Enlaces a entrevistas.<\/p>\n\n\n\n<hr class=\"wp-block-separator has-text-color has-black-color has-css-opacity has-black-background-color has-background is-style-wide advgb-dyn-e75d8f65\"\/>\n\n\n\n<h2 class=\"wp-block-heading\" id=\"prensa-bf0866e5-1545-462a-9a84-a1e9588f73ca\">PRENSA<\/h2>\n\n\n\n<p>Enlaces a publicaciones de prensa.<\/p>\n\n\n\n<hr class=\"wp-block-separator has-text-color has-black-color has-css-opacity has-black-background-color has-background is-style-wide advgb-dyn-e75d8f65\"\/>\n\n\n\n<h2 class=\"wp-block-heading\" id=\"publicaciones-5efd2e9a-bf03-44de-923a-b660fe1d8d82\">PUBLICACIONES<\/h2>\n\n\n\n<p>Enlace a publicaciones impresas, en pdf o formato de distribuci\u00f3n de otro tipo.<\/p>\n\n\n\n<hr class=\"wp-block-separator has-text-color has-black-color has-css-opacity has-black-background-color has-background is-style-wide advgb-dyn-e75d8f65\"\/>\n\n\n\n<h2 class=\"wp-block-heading\" id=\"enlaces-71ce6fa2-cd0f-4666-8ec7-a33141cd936d\">ENLACES<\/h2>\n\n\n\n<p> Enlaces a publicaciones en sitios web.<\/p>\n\n\n\n<p><\/p>\n<style class=\"advgb-styles-renderer\">#kt-layout-id_e92a50-99{margin-bottom:0px;}#kt-layout-id_e92a50-99 > .kt-row-column-wrap{align-content:start;}:where(#kt-layout-id_e92a50-99 > .kt-row-column-wrap) > .wp-block-kadence-column{justify-content:start;}#kt-layout-id_e92a50-99 > .kt-row-column-wrap{column-gap:var(--global-kb-gap-md, 2rem);row-gap:var(--global-kb-gap-md, 2rem);padding-top:var( --global-kb-row-default-top, 25px );padding-bottom:var( --global-kb-row-default-bottom, 25px );padding-top:var(--global-kb-spacing-sm, 1.5rem);padding-bottom:var(--global-kb-spacing-sm, 1.5rem);grid-template-columns:repeat(2, minmax(0, 1fr));}#kt-layout-id_e92a50-99{background-color:rgba(155,81,224,0.19);}#kt-layout-id_e92a50-99 > .kt-row-layout-overlay{opacity:0.30;}@media all and (max-width: 1024px){#kt-layout-id_e92a50-99 > .kt-row-column-wrap{grid-template-columns:repeat(2, minmax(0, 1fr));}}@media all and (max-width: 767px){#kt-layout-id_e92a50-99 > .kt-row-column-wrap{grid-template-columns:minmax(0, 1fr);}}.kadence-column_d5f78a-69 > .kt-inside-inner-col{border-top-width:0px;border-right-width:0px;border-bottom-width:0px;border-left-width:0px;}.kadence-column_d5f78a-69 > .kt-inside-inner-col,.kadence-column_d5f78a-69 > .kt-inside-inner-col:before{border-top-left-radius:0px;border-top-right-radius:0px;border-bottom-right-radius:0px;border-bottom-left-radius:0px;}.kadence-column_d5f78a-69 > .kt-inside-inner-col{column-gap:var(--global-kb-gap-sm, 1rem);}.kadence-column_d5f78a-69 > .kt-inside-inner-col{flex-direction:column;}.kadence-column_d5f78a-69 > .kt-inside-inner-col > .aligncenter{width:100%;}.kadence-column_d5f78a-69 > .kt-inside-inner-col:before{opacity:0.3;}.kadence-column_d5f78a-69{position:relative;}@media all and (max-width: 1024px){.kadence-column_d5f78a-69 > .kt-inside-inner-col{flex-direction:column;}}@media all and (max-width: 767px){.kadence-column_d5f78a-69 > .kt-inside-inner-col{flex-direction:column;}}.kadence-column_baf0e7-55 > .kt-inside-inner-col{border-top-width:0px;border-right-width:0px;border-bottom-width:0px;border-left-width:0px;}.kadence-column_baf0e7-55 > .kt-inside-inner-col,.kadence-column_baf0e7-55 > .kt-inside-inner-col:before{border-top-left-radius:0px;border-top-right-radius:0px;border-bottom-right-radius:0px;border-bottom-left-radius:0px;}.kadence-column_baf0e7-55 > .kt-inside-inner-col{column-gap:var(--global-kb-gap-sm, 1rem);}.kadence-column_baf0e7-55 > .kt-inside-inner-col{flex-direction:column;}.kadence-column_baf0e7-55 > .kt-inside-inner-col > .aligncenter{width:100%;}.kadence-column_baf0e7-55 > .kt-inside-inner-col:before{opacity:0.3;}.kadence-column_baf0e7-55{position:relative;}@media all and (max-width: 1024px){.kadence-column_baf0e7-55 > .kt-inside-inner-col{flex-direction:column;}}@media all and (max-width: 767px){.kadence-column_baf0e7-55 > .kt-inside-inner-col{flex-direction:column;}}<\/style>","protected":false},"excerpt":{"rendered":"<p>FUCVAM-Cooperativa Mesa 2. Fucvam, Mesa 2, Coronel Ra\u00edz y Camino Casavalle. Lugar de encuentro, participaci\u00f3n, agitaci\u00f3n y propaganda contra la dictadura.\u00a0 INAUGURACI\u00d3N 29.11.2013 &#8211; 17:32. \u201cPor un Uruguay democr\u00e1tico sin exclusiones\u201d. Se cumplieron 30 a\u00f1os del acto del Obelisco contra la dictadura. En el acto de este mi\u00e9rcoles 27, se hizo presente el presidente de &#8230; <a title=\"26. FUCVAM-Cooperativa Mesa 2.\" class=\"read-more\" href=\"https:\/\/www.memoria.org.uy\/marcas\/26-fucvam-cooperativa-mesa-2\/\" aria-label=\"Leer m\u00e1s sobre 26. FUCVAM-Cooperativa Mesa 2.\">Leer m\u00e1s<\/a><\/p>\n","protected":false},"author":2,"featured_media":0,"parent":0,"menu_order":0,"comment_status":"closed","ping_status":"closed","template":"","meta":{"advgb_blocks_editor_width":"","advgb_blocks_columns_visual_guide":"","footnotes":""},"class_list":["post-712","page","type-page","status-publish"],"coauthors":[],"author_meta":{"author_link":"https:\/\/www.memoria.org.uy\/marcas\/author\/sensei\/","display_name":"sensei"},"relative_dates":{"created":"Publicado 4 a\u00f1os hace","modified":"Actualizado 4 a\u00f1os hace"},"absolute_dates":{"created":"Publicado el septiembre 14, 2022","modified":"Actualizado el septiembre 14, 2022"},"absolute_dates_time":{"created":"Publicado el septiembre 14, 2022 6:21 pm","modified":"Actualizado el septiembre 14, 2022 6:21 pm"},"featured_img_caption":"","featured_img":false,"series_order":"","_links":{"self":[{"href":"https:\/\/www.memoria.org.uy\/marcas\/wp-json\/wp\/v2\/pages\/712","targetHints":{"allow":["GET"]}}],"collection":[{"href":"https:\/\/www.memoria.org.uy\/marcas\/wp-json\/wp\/v2\/pages"}],"about":[{"href":"https:\/\/www.memoria.org.uy\/marcas\/wp-json\/wp\/v2\/types\/page"}],"author":[{"embeddable":true,"href":"https:\/\/www.memoria.org.uy\/marcas\/wp-json\/wp\/v2\/users\/2"}],"replies":[{"embeddable":true,"href":"https:\/\/www.memoria.org.uy\/marcas\/wp-json\/wp\/v2\/comments?post=712"}],"version-history":[{"count":0,"href":"https:\/\/www.memoria.org.uy\/marcas\/wp-json\/wp\/v2\/pages\/712\/revisions"}],"wp:attachment":[{"href":"https:\/\/www.memoria.org.uy\/marcas\/wp-json\/wp\/v2\/media?parent=712"}],"curies":[{"name":"wp","href":"https:\/\/api.w.org\/{rel}","templated":true}]}}