{"id":610,"date":"2021-08-02T22:29:37","date_gmt":"2021-08-02T22:29:37","guid":{"rendered":"https:\/\/sensei.uy\/marcas\/?page_id=610"},"modified":"2021-08-02T22:29:37","modified_gmt":"2021-08-02T22:29:37","slug":"4-sindicato-unico-nacional-de-la-construccion-y-afines-sunca","status":"publish","type":"page","link":"https:\/\/www.memoria.org.uy\/marcas\/4-sindicato-unico-nacional-de-la-construccion-y-afines-sunca\/","title":{"rendered":"4. Sindicato \u00danico Nacional de la Construcci\u00f3n y Afines &#8211; SUNCA."},"content":{"rendered":"\n<h4 class=\"wp-block-heading\">Y\u00ed 1538, Centro, Montevideo.<\/h4>\n\n\n\n<div class=\"wp-block-media-text alignwide is-stacked-on-mobile has-background\" style=\"background-color:#f2eff5;grid-template-columns:52% auto\"><figure class=\"wp-block-media-text__media\"><img loading=\"lazy\" decoding=\"async\" width=\"317\" height=\"272\" src=\"https:\/\/www.memoria.org.uy\/marcas\/wp-content\/uploads\/2021\/08\/sunca2.jpg\" alt=\"\" class=\"wp-image-611 size-full\" srcset=\"https:\/\/www.memoria.org.uy\/marcas\/wp-content\/uploads\/2021\/08\/sunca2.jpg 317w, https:\/\/www.memoria.org.uy\/marcas\/wp-content\/uploads\/2021\/08\/sunca2-300x257.jpg 300w\" sizes=\"auto, (max-width: 317px) 100vw, 317px\" \/><\/figure><div class=\"wp-block-media-text__content\">\n<p>Este local de los obreros de la construcci\u00f3n fue allanado por las Fuerzas Armadas y utilizado por la Polic\u00eda durante la dictadura instaurada en 1973 como comisar\u00eda y c\u00e1rcel.&nbsp;<\/p>\n<\/div><\/div>\n\n\n\n<hr class=\"wp-block-separator has-text-color has-background has-black-background-color has-black-color is-style-wide\"\/>\n\n\n\n<h2 class=\"wp-block-heading\" id=\"medios-e1ccef96-a234-4cba-9715-9a830e8bfffb\">INAUGURACI\u00d3N<\/h2>\n\n\n\n<div class=\"wp-block-kadence-rowlayout alignnone\"><div id=\"kt-layout-id_e92a50-99\" class=\"kt-row-layout-inner kt-row-has-bg kt-layout-id_e92a50-99\"><div class=\"kt-row-column-wrap kt-has-2-columns kt-gutter-default kt-v-gutter-default kt-row-valign-top kt-row-layout-equal kt-tab-layout-inherit kt-m-colapse-left-to-right kt-mobile-layout-row\">\n<div class=\"wp-block-kadence-column inner-column-1 kadence-column_d5f78a-69\"><div class=\"kt-inside-inner-col\">\n<div class=\"wp-block-getwid-images-slider has-arrows-inside has-dots-inside has-images-center has-cropped-images\"><div class=\"wp-block-getwid-images-slider__wrapper\" data-effect=\"slide\" data-slides-show=\"1\" data-slides-show-laptop=\"1\" data-slides-show-tablet=\"1\" data-slides-show-mobile=\"1\" data-slides-scroll=\"1\" data-autoplay=\"false\" data-autoplay-speed=\"6000\" data-infinite=\"true\" data-animation-speed=\"800\" data-center-mode=\"false\" data-variable-width=\"false\" data-arrows=\"inside\" data-dots=\"inside\" data-spacing=\"none\"><div class=\"wp-block-getwid-images-slider__item\"><figure><img loading=\"lazy\" decoding=\"async\" width=\"700\" height=\"410\" src=\"https:\/\/www.memoria.org.uy\/marcas\/wp-content\/uploads\/2021\/08\/sunca08.jpg\" data-id=\"616\" data-link=\"https:\/\/sensei.uy\/marcas\/4-sindicato-unico-nacional-de-la-construccion-y-afines-sunca\/sunca08\/#main\" data-original-link=\"https:\/\/www.memoria.org.uy\/marcas\/wp-content\/uploads\/2021\/08\/sunca08.jpg\" class=\"wp-block-getwid-images-slider__image wp-image-616\" srcset=\"https:\/\/www.memoria.org.uy\/marcas\/wp-content\/uploads\/2021\/08\/sunca08.jpg 700w, https:\/\/www.memoria.org.uy\/marcas\/wp-content\/uploads\/2021\/08\/sunca08-300x176.jpg 300w\" sizes=\"auto, (max-width: 700px) 100vw, 700px\" \/><\/figure><\/div><div class=\"wp-block-getwid-images-slider__item\"><figure><img loading=\"lazy\" decoding=\"async\" width=\"700\" height=\"410\" src=\"https:\/\/www.memoria.org.uy\/marcas\/wp-content\/uploads\/2021\/08\/sunca09.jpg\" data-id=\"615\" data-link=\"https:\/\/sensei.uy\/marcas\/4-sindicato-unico-nacional-de-la-construccion-y-afines-sunca\/sunca09\/#main\" data-original-link=\"https:\/\/www.memoria.org.uy\/marcas\/wp-content\/uploads\/2021\/08\/sunca09.jpg\" class=\"wp-block-getwid-images-slider__image wp-image-615\" srcset=\"https:\/\/www.memoria.org.uy\/marcas\/wp-content\/uploads\/2021\/08\/sunca09.jpg 700w, https:\/\/www.memoria.org.uy\/marcas\/wp-content\/uploads\/2021\/08\/sunca09-300x176.jpg 300w\" sizes=\"auto, (max-width: 700px) 100vw, 700px\" \/><\/figure><\/div><div class=\"wp-block-getwid-images-slider__item\"><figure><img loading=\"lazy\" decoding=\"async\" width=\"700\" height=\"410\" src=\"https:\/\/www.memoria.org.uy\/marcas\/wp-content\/uploads\/2021\/08\/sunca07.jpg\" data-id=\"617\" data-link=\"https:\/\/sensei.uy\/marcas\/4-sindicato-unico-nacional-de-la-construccion-y-afines-sunca\/sunca07\/#main\" data-original-link=\"https:\/\/www.memoria.org.uy\/marcas\/wp-content\/uploads\/2021\/08\/sunca07.jpg\" class=\"wp-block-getwid-images-slider__image wp-image-617\" srcset=\"https:\/\/www.memoria.org.uy\/marcas\/wp-content\/uploads\/2021\/08\/sunca07.jpg 700w, https:\/\/www.memoria.org.uy\/marcas\/wp-content\/uploads\/2021\/08\/sunca07-300x176.jpg 300w\" sizes=\"auto, (max-width: 700px) 100vw, 700px\" \/><\/figure><\/div><div class=\"wp-block-getwid-images-slider__item\"><figure><img loading=\"lazy\" decoding=\"async\" width=\"700\" height=\"410\" src=\"https:\/\/www.memoria.org.uy\/marcas\/wp-content\/uploads\/2021\/08\/sunca06.jpg\" data-id=\"618\" data-link=\"https:\/\/sensei.uy\/marcas\/4-sindicato-unico-nacional-de-la-construccion-y-afines-sunca\/sunca06\/#main\" data-original-link=\"https:\/\/www.memoria.org.uy\/marcas\/wp-content\/uploads\/2021\/08\/sunca06.jpg\" class=\"wp-block-getwid-images-slider__image wp-image-618\" srcset=\"https:\/\/www.memoria.org.uy\/marcas\/wp-content\/uploads\/2021\/08\/sunca06.jpg 700w, https:\/\/www.memoria.org.uy\/marcas\/wp-content\/uploads\/2021\/08\/sunca06-300x176.jpg 300w\" sizes=\"auto, (max-width: 700px) 100vw, 700px\" \/><\/figure><\/div><div class=\"wp-block-getwid-images-slider__item\"><figure><img loading=\"lazy\" decoding=\"async\" width=\"700\" height=\"410\" src=\"https:\/\/www.memoria.org.uy\/marcas\/wp-content\/uploads\/2021\/08\/sunca05.jpg\" data-id=\"619\" data-link=\"https:\/\/sensei.uy\/marcas\/4-sindicato-unico-nacional-de-la-construccion-y-afines-sunca\/sunca05\/#main\" data-original-link=\"https:\/\/www.memoria.org.uy\/marcas\/wp-content\/uploads\/2021\/08\/sunca05.jpg\" class=\"wp-block-getwid-images-slider__image wp-image-619\" srcset=\"https:\/\/www.memoria.org.uy\/marcas\/wp-content\/uploads\/2021\/08\/sunca05.jpg 700w, https:\/\/www.memoria.org.uy\/marcas\/wp-content\/uploads\/2021\/08\/sunca05-300x176.jpg 300w\" sizes=\"auto, (max-width: 700px) 100vw, 700px\" \/><\/figure><\/div><div class=\"wp-block-getwid-images-slider__item\"><figure><img loading=\"lazy\" decoding=\"async\" width=\"700\" height=\"410\" src=\"https:\/\/www.memoria.org.uy\/marcas\/wp-content\/uploads\/2021\/08\/sunca04.jpg\" data-id=\"620\" data-link=\"https:\/\/sensei.uy\/marcas\/4-sindicato-unico-nacional-de-la-construccion-y-afines-sunca\/sunca04\/#main\" data-original-link=\"https:\/\/www.memoria.org.uy\/marcas\/wp-content\/uploads\/2021\/08\/sunca04.jpg\" class=\"wp-block-getwid-images-slider__image wp-image-620\" srcset=\"https:\/\/www.memoria.org.uy\/marcas\/wp-content\/uploads\/2021\/08\/sunca04.jpg 700w, https:\/\/www.memoria.org.uy\/marcas\/wp-content\/uploads\/2021\/08\/sunca04-300x176.jpg 300w\" sizes=\"auto, (max-width: 700px) 100vw, 700px\" \/><\/figure><\/div><div class=\"wp-block-getwid-images-slider__item\"><figure><img loading=\"lazy\" decoding=\"async\" width=\"700\" height=\"410\" src=\"https:\/\/www.memoria.org.uy\/marcas\/wp-content\/uploads\/2021\/08\/sunca03.jpg\" data-id=\"621\" data-link=\"https:\/\/sensei.uy\/marcas\/4-sindicato-unico-nacional-de-la-construccion-y-afines-sunca\/sunca03\/#main\" data-original-link=\"https:\/\/www.memoria.org.uy\/marcas\/wp-content\/uploads\/2021\/08\/sunca03.jpg\" class=\"wp-block-getwid-images-slider__image wp-image-621\" srcset=\"https:\/\/www.memoria.org.uy\/marcas\/wp-content\/uploads\/2021\/08\/sunca03.jpg 700w, https:\/\/www.memoria.org.uy\/marcas\/wp-content\/uploads\/2021\/08\/sunca03-300x176.jpg 300w\" sizes=\"auto, (max-width: 700px) 100vw, 700px\" \/><\/figure><\/div><div class=\"wp-block-getwid-images-slider__item\"><figure><img loading=\"lazy\" decoding=\"async\" width=\"700\" height=\"410\" src=\"https:\/\/www.memoria.org.uy\/marcas\/wp-content\/uploads\/2021\/08\/sunca02.jpg\" data-id=\"622\" data-link=\"https:\/\/sensei.uy\/marcas\/4-sindicato-unico-nacional-de-la-construccion-y-afines-sunca\/sunca02\/#main\" data-original-link=\"https:\/\/www.memoria.org.uy\/marcas\/wp-content\/uploads\/2021\/08\/sunca02.jpg\" class=\"wp-block-getwid-images-slider__image wp-image-622\" srcset=\"https:\/\/www.memoria.org.uy\/marcas\/wp-content\/uploads\/2021\/08\/sunca02.jpg 700w, https:\/\/www.memoria.org.uy\/marcas\/wp-content\/uploads\/2021\/08\/sunca02-300x176.jpg 300w\" sizes=\"auto, (max-width: 700px) 100vw, 700px\" \/><\/figure><\/div><div class=\"wp-block-getwid-images-slider__item\"><figure><img loading=\"lazy\" decoding=\"async\" width=\"700\" height=\"410\" src=\"https:\/\/www.memoria.org.uy\/marcas\/wp-content\/uploads\/2021\/08\/sunca01.jpg\" data-id=\"623\" data-link=\"https:\/\/sensei.uy\/marcas\/4-sindicato-unico-nacional-de-la-construccion-y-afines-sunca\/sunca01\/#main\" data-original-link=\"https:\/\/www.memoria.org.uy\/marcas\/wp-content\/uploads\/2021\/08\/sunca01.jpg\" class=\"wp-block-getwid-images-slider__image wp-image-623\" srcset=\"https:\/\/www.memoria.org.uy\/marcas\/wp-content\/uploads\/2021\/08\/sunca01.jpg 700w, https:\/\/www.memoria.org.uy\/marcas\/wp-content\/uploads\/2021\/08\/sunca01-300x176.jpg 300w\" sizes=\"auto, (max-width: 700px) 100vw, 700px\" \/><\/figure><\/div><\/div><\/div>\n\n\n\n<p>El Municipio <strong>B<\/strong> cuenta desde este martes con una nueva Marca de la Memoria, esta vez corresponde al local del SUNCA. <a rel=\"noreferrer noopener\" href=\"https:\/\/municipiob.montevideo.gub.uy\/comunicacion\/noticias\/marcas-de-la-memoria\" data-type=\"URL\" data-id=\"https:\/\/municipiob.montevideo.gub.uy\/comunicacion\/noticias\/marcas-de-la-memoria\" target=\"_blank\">Art\u00edculo Noticia de Municipio B.<\/a> <\/p>\n<\/div><\/div>\n\n\n\n<div class=\"wp-block-kadence-column inner-column-2 kadence-column_baf0e7-55\"><div class=\"kt-inside-inner-col\">\n<p>El proyecto \u00abMarcas de la memoria\u00bb busca reivindicar y recordar por siempre la lucha del pueblo uruguayo contra la dictadura. Es una forma de perpetuar su historia y su recuerdo. Es el resultado de la participaci\u00f3n y el trabajo en conjunto entre la&nbsp;<a href=\"http:\/\/www.montevideo.gub.uy\/\">Intendencia de Montevideo<\/a>, la Asociaci\u00f3n Memoria de la Residencia, el&nbsp;<a href=\"http:\/\/www.pitcnt.org.uy\/\">PIT \u2013 CNT&nbsp;<\/a>y la&nbsp;<a href=\"http:\/\/www.universidad.edu.uy\/\">Universidad de la Rep\u00fablica.<\/a><\/p>\n\n\n\n<p>Consiste en la instalaci\u00f3n de 26 testimonios en lugares simb\u00f3licos de la capital. En esta oportunidad fue el turno de la sede del&nbsp;<a href=\"http:\/\/www.sunca.org.uy\/\">Sindicato \u00danico Nacional de la Construcci\u00f3n y Anexos (Sunca)&nbsp;<\/a>ubicada en el&nbsp;<a href=\"http:\/\/municipiob.montevideo.gub.uy\/\">Municipio b<\/a>&nbsp;(Y\u00ed y Paysand\u00fa), ya que dicho lugar fue utilizado por el gobierno de facto como comisar\u00eda y c\u00e1rcel.<\/p>\n\n\n\n<p>En la inauguraci\u00f3n estuvieron presentes diversas autoridades nacionales, departamentales y trabajadores del sindicato de la construcci\u00f3n. La parte oratoria cont\u00f3 con la participaci\u00f3n de la Intendenta Ana Olivera, el secretario general del Sunca, \u00d3scar Andrade, y en representaci\u00f3n de la Asociaci\u00f3n de Memoria de la Resistencia 1973 \u2013 1985, Antonia Y\u00e1\u00f1ez.<\/p>\n\n\n\n<p>Tambi\u00e9n estuvieron presentes dirigentes pol\u00edticos como el secretario general del Partido Comunista, senador Eduardo Lorier, y los intendentes de Maldonado, \u00d3scar de los Santos, y de Canelones, Marcos Car\u00e1mbula.&nbsp;Asisti\u00f3 al acto el Ciudadano Ilustre de Montevideo, Louis Joinet, jurista franc\u00e9s, defensor de los Derechos Humanos, y en representaci\u00f3n del Municipio b se hizo presente el Alcalde Carlos Varela quien fue el encargado junto a la Intendenta de cortar la cinta que inauguraba estas \u00abMarcas\u00bb.&nbsp;<\/p>\n\n\n\n<p><strong>Voces con memoria<\/strong><\/p>\n\n\n\n<p>Antonia Y\u00e1\u00f1ez destac\u00f3 el esp\u00edritu amplio en recordaci\u00f3n de lugares y momentos de todas las fuerzas que lucharon contra la dictadura, y agradeci\u00f3 que esta iniciativa fuera votada por unanimidad en la Junta Departamental (hubo una importante participaci\u00f3n de ediles en el acto).<\/p>\n\n\n\n<p>Y\u00e1\u00f1ez explic\u00f3 que \u201clos 26 lugares elegidos para ubicar las marcas, de los que ya se llevan instalados 19, est\u00e1n unidos por un hilo conductor que es la memoria colectiva. Y estas marcas tienen que vivir, los colectivos tienen que apropiarse de ellas para tambi\u00e9n simbolizar a lo que aspira nuestro pueblo\u201d.<\/p>\n\n\n\n<p>La intendenta de Montevideo se\u00f1al\u00f3, por su parte, que hay que \u201cser capaces de transmitir a las nuevas generaciones como el pueblo uruguayo fue capaz de reconquistar la democracia, pero simult\u00e1neamente saber que quedan algunas espinas envenenadas y que todav\u00eda seguimos peleando por verdad y justicia y nunca m\u00e1s\u201d.<\/p>\n\n\n\n<p>\u00d3scar Andrade record\u00f3 la larga historia no s\u00f3lo del sindicato de la construcci\u00f3n sino del movimiento obrero uruguayo.&nbsp;El secretario general del Sunca resalt\u00f3 la tradici\u00f3n internacionalista y el reconocerse como clase obrera mundial, junto a las luchas concretas que los trabajadores han desplegado en cada \u00e9poca y circunstancia \u201cporque el hero\u00edsmo de los trabajadores y trabajadoras nos debe hacer sentir orgullosos, pero muchas veces no los logramos significar\u201d.<\/p>\n\n\n\n<p>Andrade hizo un emotivo relato desde la llegada de los primeros inmigrantes que en el siglo XIX fundaron las primeras organizaciones de resistencia y luego conquistaron la reducci\u00f3n horaria de la jornada laboral denunciando las terribles condiciones de trabajo que les tocaban.<\/p>\n\n\n\n<p>Mencion\u00f3 especialmente los distintos momentos de la historia en la que los trabajadores uruguayos lucharon en defensa de sus intereses, fueron capaces de abandonar el sectarismo y la divisi\u00f3n sindical para unificar a todas las corrientes y de entregar su vida por la libertad, la democracia, la justicia y por una sociedad sin explotados.<\/p>\n\n\n\n<p><a href=\"https:\/\/municipiob.montevideo.gub.uy\/comunicacion\/noticias\/marcas-de-la-memoria\" data-type=\"URL\" data-id=\"https:\/\/municipiob.montevideo.gub.uy\/comunicacion\/noticias\/marcas-de-la-memoria\" target=\"_blank\" rel=\"noreferrer noopener\">Art\u00edculo Noticia de Municipio B.<\/a><\/p>\n<\/div><\/div>\n<\/div><\/div><\/div>\n\n\n\n<hr class=\"wp-block-separator has-text-color has-background has-black-background-color has-black-color is-style-wide\"\/>\n\n\n\n<h2 class=\"wp-block-heading\" id=\"medios-e1ccef96-a234-4cba-9715-9a830e8bfffb\">MEDIOS<\/h2>\n\n\n\n<p>Enlaces a publicaciones en medios audiovisuales<\/p>\n\n\n\n<p><\/p>\n\n\n\n<hr class=\"wp-block-separator has-text-color has-background has-black-background-color has-black-color is-style-wide\"\/>\n\n\n\n<h2 class=\"wp-block-heading\" id=\"entrevistas-7549a4a6-50f3-4b88-af42-e4d8e11388d6\">ENTREVISTAS<\/h2>\n\n\n\n<p> Enlaces a entrevistas.<\/p>\n\n\n\n<p><a href=\"https:\/\/www.youtube.com\/watch?v=wkJeusTqsWU\" data-type=\"URL\" data-id=\"https:\/\/www.youtube.com\/watch?v=wkJeusTqsWU\">Viejos militantes recuerdan salida de la dictadura. <strong>Lirio Rodriguez <\/strong>1er Pres. del SUNCA con Fog\u00f3n tv<\/a>.<\/p>\n\n\n\n<hr class=\"wp-block-separator has-text-color has-background has-black-background-color has-black-color is-style-wide\"\/>\n\n\n\n<h2 class=\"wp-block-heading\" id=\"prensa-bf0866e5-1545-462a-9a84-a1e9588f73ca\">PRENSA<\/h2>\n\n\n\n<p>Enlaces a publicaciones de prensa.<\/p>\n\n\n\n<hr class=\"wp-block-separator has-text-color has-background has-black-background-color has-black-color is-style-wide\"\/>\n\n\n\n<h2 class=\"wp-block-heading\" id=\"publicaciones-5efd2e9a-bf03-44de-923a-b660fe1d8d82\">PUBLICACIONES<\/h2>\n\n\n\n<p>Enlace a publicaciones impresas, en pdf o formato de distribuci\u00f3n de otro tipo.<\/p>\n\n\n\n<hr class=\"wp-block-separator has-text-color has-background has-black-background-color has-black-color is-style-wide\"\/>\n\n\n\n<h2 class=\"wp-block-heading\" id=\"enlaces-71ce6fa2-cd0f-4666-8ec7-a33141cd936d\">ENLACES<\/h2>\n\n\n\n<p> Enlaces a publicaciones en sitios web.<\/p>\n\n\n\n<p><\/p>\n<style class=\"advgb-styles-renderer\">#kt-layout-id_e92a50-99{margin-bottom:0px;}#kt-layout-id_e92a50-99 > .kt-row-column-wrap{align-content:start;}:where(#kt-layout-id_e92a50-99 > .kt-row-column-wrap) > .wp-block-kadence-column{justify-content:start;}#kt-layout-id_e92a50-99 > .kt-row-column-wrap{column-gap:var(--global-kb-gap-md, 2rem);row-gap:var(--global-kb-gap-md, 2rem);padding-top:var( --global-kb-row-default-top, 25px );padding-bottom:var( --global-kb-row-default-bottom, 25px );padding-top:var(--global-kb-spacing-sm, 1.5rem);padding-bottom:var(--global-kb-spacing-sm, 1.5rem);grid-template-columns:repeat(2, minmax(0, 1fr));}#kt-layout-id_e92a50-99{background-color:rgba(155,81,224,0.19);}#kt-layout-id_e92a50-99 > .kt-row-layout-overlay{opacity:0.30;}@media all and (max-width: 1024px){#kt-layout-id_e92a50-99 > .kt-row-column-wrap{grid-template-columns:repeat(2, minmax(0, 1fr));}}@media all and (max-width: 767px){#kt-layout-id_e92a50-99 > .kt-row-column-wrap{grid-template-columns:minmax(0, 1fr);}}.kadence-column_d5f78a-69 > .kt-inside-inner-col{border-top-width:0px;border-right-width:0px;border-bottom-width:0px;border-left-width:0px;}.kadence-column_d5f78a-69 > .kt-inside-inner-col,.kadence-column_d5f78a-69 > .kt-inside-inner-col:before{border-top-left-radius:0px;border-top-right-radius:0px;border-bottom-right-radius:0px;border-bottom-left-radius:0px;}.kadence-column_d5f78a-69 > .kt-inside-inner-col{column-gap:var(--global-kb-gap-sm, 1rem);}.kadence-column_d5f78a-69 > .kt-inside-inner-col{flex-direction:column;}.kadence-column_d5f78a-69 > .kt-inside-inner-col > .aligncenter{width:100%;}.kadence-column_d5f78a-69 > .kt-inside-inner-col:before{opacity:0.3;}.kadence-column_d5f78a-69{position:relative;}@media all and (max-width: 1024px){.kadence-column_d5f78a-69 > .kt-inside-inner-col{flex-direction:column;}}@media all and (max-width: 767px){.kadence-column_d5f78a-69 > .kt-inside-inner-col{flex-direction:column;}}.kadence-column_baf0e7-55 > .kt-inside-inner-col{border-top-width:0px;border-right-width:0px;border-bottom-width:0px;border-left-width:0px;}.kadence-column_baf0e7-55 > .kt-inside-inner-col,.kadence-column_baf0e7-55 > .kt-inside-inner-col:before{border-top-left-radius:0px;border-top-right-radius:0px;border-bottom-right-radius:0px;border-bottom-left-radius:0px;}.kadence-column_baf0e7-55 > .kt-inside-inner-col{column-gap:var(--global-kb-gap-sm, 1rem);}.kadence-column_baf0e7-55 > .kt-inside-inner-col{flex-direction:column;}.kadence-column_baf0e7-55 > .kt-inside-inner-col > .aligncenter{width:100%;}.kadence-column_baf0e7-55 > .kt-inside-inner-col:before{opacity:0.3;}.kadence-column_baf0e7-55{position:relative;}@media all and (max-width: 1024px){.kadence-column_baf0e7-55 > .kt-inside-inner-col{flex-direction:column;}}@media all and (max-width: 767px){.kadence-column_baf0e7-55 > .kt-inside-inner-col{flex-direction:column;}}<\/style>","protected":false},"excerpt":{"rendered":"<p>Y\u00ed 1538, Centro, Montevideo. Este local de los obreros de la construcci\u00f3n fue allanado por las Fuerzas Armadas y utilizado por la Polic\u00eda durante la dictadura instaurada en 1973 como comisar\u00eda y c\u00e1rcel.&nbsp; INAUGURACI\u00d3N El Municipio B cuenta desde este martes con una nueva Marca de la Memoria, esta vez corresponde al local del SUNCA. &#8230; <a title=\"4. Sindicato \u00danico Nacional de la Construcci\u00f3n y Afines &#8211; SUNCA.\" class=\"read-more\" href=\"https:\/\/www.memoria.org.uy\/marcas\/4-sindicato-unico-nacional-de-la-construccion-y-afines-sunca\/\" aria-label=\"Leer m\u00e1s sobre 4. Sindicato \u00danico Nacional de la Construcci\u00f3n y Afines &#8211; SUNCA.\">Leer m\u00e1s<\/a><\/p>\n","protected":false},"author":2,"featured_media":0,"parent":0,"menu_order":0,"comment_status":"closed","ping_status":"closed","template":"","meta":{"advgb_blocks_editor_width":"","advgb_blocks_columns_visual_guide":"","footnotes":""},"class_list":["post-610","page","type-page","status-publish"],"coauthors":[],"author_meta":{"author_link":"https:\/\/www.memoria.org.uy\/marcas\/author\/sensei\/","display_name":"sensei"},"relative_dates":{"created":"Publicado 5 a\u00f1os hace","modified":"Actualizado 5 a\u00f1os hace"},"absolute_dates":{"created":"Publicado el agosto 2, 2021","modified":"Actualizado el agosto 2, 2021"},"absolute_dates_time":{"created":"Publicado el agosto 2, 2021 10:29 pm","modified":"Actualizado el agosto 2, 2021 10:29 pm"},"featured_img_caption":"","featured_img":false,"series_order":"","_links":{"self":[{"href":"https:\/\/www.memoria.org.uy\/marcas\/wp-json\/wp\/v2\/pages\/610","targetHints":{"allow":["GET"]}}],"collection":[{"href":"https:\/\/www.memoria.org.uy\/marcas\/wp-json\/wp\/v2\/pages"}],"about":[{"href":"https:\/\/www.memoria.org.uy\/marcas\/wp-json\/wp\/v2\/types\/page"}],"author":[{"embeddable":true,"href":"https:\/\/www.memoria.org.uy\/marcas\/wp-json\/wp\/v2\/users\/2"}],"replies":[{"embeddable":true,"href":"https:\/\/www.memoria.org.uy\/marcas\/wp-json\/wp\/v2\/comments?post=610"}],"version-history":[{"count":0,"href":"https:\/\/www.memoria.org.uy\/marcas\/wp-json\/wp\/v2\/pages\/610\/revisions"}],"wp:attachment":[{"href":"https:\/\/www.memoria.org.uy\/marcas\/wp-json\/wp\/v2\/media?parent=610"}],"curies":[{"name":"wp","href":"https:\/\/api.w.org\/{rel}","templated":true}]}}