{"id":514,"date":"2021-07-30T00:03:15","date_gmt":"2021-07-30T00:03:15","guid":{"rendered":"https:\/\/sensei.uy\/marcas\/?page_id=514"},"modified":"2021-07-30T00:03:15","modified_gmt":"2021-07-30T00:03:15","slug":"3-cx-30-la-radio","status":"publish","type":"page","link":"https:\/\/www.memoria.org.uy\/marcas\/3-cx-30-la-radio\/","title":{"rendered":"3. CX 30 La Radio"},"content":{"rendered":"\n<div class=\"wp-block-media-text alignfull is-stacked-on-mobile has-background\" style=\"background-color:#e9e0f3;grid-template-columns:52% auto\"><figure class=\"wp-block-media-text__media\"><img loading=\"lazy\" decoding=\"async\" width=\"800\" height=\"500\" src=\"https:\/\/www.memoria.org.uy\/marcas\/wp-content\/uploads\/2021\/07\/german-araujo_x.jpg\" alt=\"\" class=\"wp-image-546 size-full\" srcset=\"https:\/\/www.memoria.org.uy\/marcas\/wp-content\/uploads\/2021\/07\/german-araujo_x.jpg 800w, https:\/\/www.memoria.org.uy\/marcas\/wp-content\/uploads\/2021\/07\/german-araujo_x-300x188.jpg 300w, https:\/\/www.memoria.org.uy\/marcas\/wp-content\/uploads\/2021\/07\/german-araujo_x-768x480.jpg 768w\" sizes=\"auto, (max-width: 800px) 100vw, 800px\" \/><\/figure><div class=\"wp-block-media-text__content\">\n<p>Los medios de comunicaci\u00f3n y particularmente CX 30 La Radio, tuvieron una actuaci\u00f3n destacada en la promoci\u00f3n de la resistencia popular, ciudadana y democr\u00e1tica contra la dictadura c\u00edvico militar instaurada el 27 de junio de 1973.<\/p>\n<\/div><\/div>\n\n\n\n<hr class=\"wp-block-separator has-text-color has-background has-black-background-color has-black-color is-style-wide\"\/>\n\n\n\n<h2 class=\"wp-block-heading\" id=\"medios-e1ccef96-a234-4cba-9715-9a830e8bfffb\">INAUGURACI\u00d3N<\/h2>\n\n\n\n<div class=\"wp-block-kadence-rowlayout alignnone\"><div id=\"kt-layout-id_e92a50-99\" class=\"kt-row-layout-inner kt-row-has-bg kt-layout-id_e92a50-99\"><div class=\"kt-row-column-wrap kt-has-2-columns kt-gutter-default kt-v-gutter-default kt-row-valign-top kt-row-layout-equal kt-tab-layout-inherit kt-m-colapse-left-to-right kt-mobile-layout-row\">\n<div class=\"wp-block-kadence-column inner-column-1 kadence-column_d5f78a-69\"><div class=\"kt-inside-inner-col\">\n<div class=\"wp-block-getwid-images-slider has-arrows-inside has-dots-inside has-images-center has-cropped-images\"><div class=\"wp-block-getwid-images-slider__wrapper\" data-effect=\"slide\" data-slides-show=\"1\" data-slides-show-laptop=\"1\" data-slides-show-tablet=\"1\" data-slides-show-mobile=\"1\" data-slides-scroll=\"1\" data-autoplay=\"false\" data-autoplay-speed=\"6000\" data-infinite=\"true\" data-animation-speed=\"800\" data-center-mode=\"false\" data-variable-width=\"false\" data-arrows=\"inside\" data-dots=\"inside\" data-spacing=\"none\"><div class=\"wp-block-getwid-images-slider__item\"><figure><img loading=\"lazy\" decoding=\"async\" width=\"700\" height=\"410\" src=\"https:\/\/www.memoria.org.uy\/marcas\/wp-content\/uploads\/2021\/07\/cx30_10.jpg\" data-id=\"526\" data-link=\"https:\/\/sensei.uy\/marcas\/3-cx-30-la-radio\/cx30_10\/#main\" data-original-link=\"https:\/\/www.memoria.org.uy\/marcas\/wp-content\/uploads\/2021\/07\/cx30_10.jpg\" class=\"wp-block-getwid-images-slider__image wp-image-526\" srcset=\"https:\/\/www.memoria.org.uy\/marcas\/wp-content\/uploads\/2021\/07\/cx30_10.jpg 700w, https:\/\/www.memoria.org.uy\/marcas\/wp-content\/uploads\/2021\/07\/cx30_10-300x176.jpg 300w\" sizes=\"auto, (max-width: 700px) 100vw, 700px\" \/><\/figure><\/div><div class=\"wp-block-getwid-images-slider__item\"><figure><img loading=\"lazy\" decoding=\"async\" width=\"700\" height=\"410\" src=\"https:\/\/www.memoria.org.uy\/marcas\/wp-content\/uploads\/2021\/07\/cx30_09.jpg\" data-id=\"527\" data-link=\"https:\/\/sensei.uy\/marcas\/3-cx-30-la-radio\/cx30_09\/#main\" data-original-link=\"https:\/\/www.memoria.org.uy\/marcas\/wp-content\/uploads\/2021\/07\/cx30_09.jpg\" class=\"wp-block-getwid-images-slider__image wp-image-527\" srcset=\"https:\/\/www.memoria.org.uy\/marcas\/wp-content\/uploads\/2021\/07\/cx30_09.jpg 700w, https:\/\/www.memoria.org.uy\/marcas\/wp-content\/uploads\/2021\/07\/cx30_09-300x176.jpg 300w\" sizes=\"auto, (max-width: 700px) 100vw, 700px\" \/><\/figure><\/div><div class=\"wp-block-getwid-images-slider__item\"><figure><img loading=\"lazy\" decoding=\"async\" width=\"700\" height=\"410\" src=\"https:\/\/www.memoria.org.uy\/marcas\/wp-content\/uploads\/2021\/07\/cx30_08.jpg\" data-id=\"528\" data-link=\"https:\/\/sensei.uy\/marcas\/3-cx-30-la-radio\/cx30_08\/#main\" data-original-link=\"https:\/\/www.memoria.org.uy\/marcas\/wp-content\/uploads\/2021\/07\/cx30_08.jpg\" class=\"wp-block-getwid-images-slider__image wp-image-528\" srcset=\"https:\/\/www.memoria.org.uy\/marcas\/wp-content\/uploads\/2021\/07\/cx30_08.jpg 700w, https:\/\/www.memoria.org.uy\/marcas\/wp-content\/uploads\/2021\/07\/cx30_08-300x176.jpg 300w\" sizes=\"auto, (max-width: 700px) 100vw, 700px\" \/><\/figure><\/div><div class=\"wp-block-getwid-images-slider__item\"><figure><img loading=\"lazy\" decoding=\"async\" width=\"700\" height=\"410\" src=\"https:\/\/www.memoria.org.uy\/marcas\/wp-content\/uploads\/2021\/07\/cx30_07.jpg\" data-id=\"529\" data-link=\"https:\/\/sensei.uy\/marcas\/3-cx-30-la-radio\/cx30_07\/#main\" data-original-link=\"https:\/\/www.memoria.org.uy\/marcas\/wp-content\/uploads\/2021\/07\/cx30_07.jpg\" class=\"wp-block-getwid-images-slider__image wp-image-529\" srcset=\"https:\/\/www.memoria.org.uy\/marcas\/wp-content\/uploads\/2021\/07\/cx30_07.jpg 700w, https:\/\/www.memoria.org.uy\/marcas\/wp-content\/uploads\/2021\/07\/cx30_07-300x176.jpg 300w\" sizes=\"auto, (max-width: 700px) 100vw, 700px\" \/><\/figure><\/div><div class=\"wp-block-getwid-images-slider__item\"><figure><img loading=\"lazy\" decoding=\"async\" width=\"700\" height=\"410\" src=\"https:\/\/www.memoria.org.uy\/marcas\/wp-content\/uploads\/2021\/07\/cx30_06.jpg\" data-id=\"530\" data-link=\"https:\/\/sensei.uy\/marcas\/3-cx-30-la-radio\/cx30_06\/#main\" data-original-link=\"https:\/\/www.memoria.org.uy\/marcas\/wp-content\/uploads\/2021\/07\/cx30_06.jpg\" class=\"wp-block-getwid-images-slider__image wp-image-530\" srcset=\"https:\/\/www.memoria.org.uy\/marcas\/wp-content\/uploads\/2021\/07\/cx30_06.jpg 700w, https:\/\/www.memoria.org.uy\/marcas\/wp-content\/uploads\/2021\/07\/cx30_06-300x176.jpg 300w\" sizes=\"auto, (max-width: 700px) 100vw, 700px\" \/><\/figure><\/div><div class=\"wp-block-getwid-images-slider__item\"><figure><img loading=\"lazy\" decoding=\"async\" width=\"700\" height=\"410\" src=\"https:\/\/www.memoria.org.uy\/marcas\/wp-content\/uploads\/2021\/07\/cx30_05.jpg\" data-id=\"531\" data-link=\"https:\/\/sensei.uy\/marcas\/3-cx-30-la-radio\/cx30_05\/#main\" data-original-link=\"https:\/\/www.memoria.org.uy\/marcas\/wp-content\/uploads\/2021\/07\/cx30_05.jpg\" class=\"wp-block-getwid-images-slider__image wp-image-531\" srcset=\"https:\/\/www.memoria.org.uy\/marcas\/wp-content\/uploads\/2021\/07\/cx30_05.jpg 700w, https:\/\/www.memoria.org.uy\/marcas\/wp-content\/uploads\/2021\/07\/cx30_05-300x176.jpg 300w\" sizes=\"auto, (max-width: 700px) 100vw, 700px\" \/><\/figure><\/div><div class=\"wp-block-getwid-images-slider__item\"><figure><img loading=\"lazy\" decoding=\"async\" width=\"700\" height=\"410\" src=\"https:\/\/www.memoria.org.uy\/marcas\/wp-content\/uploads\/2021\/07\/cx30_04.jpg\" data-id=\"532\" data-link=\"https:\/\/sensei.uy\/marcas\/3-cx-30-la-radio\/cx30_04\/#main\" data-original-link=\"https:\/\/www.memoria.org.uy\/marcas\/wp-content\/uploads\/2021\/07\/cx30_04.jpg\" class=\"wp-block-getwid-images-slider__image wp-image-532\" srcset=\"https:\/\/www.memoria.org.uy\/marcas\/wp-content\/uploads\/2021\/07\/cx30_04.jpg 700w, https:\/\/www.memoria.org.uy\/marcas\/wp-content\/uploads\/2021\/07\/cx30_04-300x176.jpg 300w\" sizes=\"auto, (max-width: 700px) 100vw, 700px\" \/><\/figure><\/div><div class=\"wp-block-getwid-images-slider__item\"><figure><img loading=\"lazy\" decoding=\"async\" width=\"700\" height=\"410\" src=\"https:\/\/www.memoria.org.uy\/marcas\/wp-content\/uploads\/2021\/07\/cx30_03.jpg\" data-id=\"533\" data-link=\"https:\/\/sensei.uy\/marcas\/3-cx-30-la-radio\/cx30_03\/#main\" data-original-link=\"https:\/\/www.memoria.org.uy\/marcas\/wp-content\/uploads\/2021\/07\/cx30_03.jpg\" class=\"wp-block-getwid-images-slider__image wp-image-533\" srcset=\"https:\/\/www.memoria.org.uy\/marcas\/wp-content\/uploads\/2021\/07\/cx30_03.jpg 700w, https:\/\/www.memoria.org.uy\/marcas\/wp-content\/uploads\/2021\/07\/cx30_03-300x176.jpg 300w\" sizes=\"auto, (max-width: 700px) 100vw, 700px\" \/><\/figure><\/div><div class=\"wp-block-getwid-images-slider__item\"><figure><img loading=\"lazy\" decoding=\"async\" width=\"700\" height=\"410\" src=\"https:\/\/www.memoria.org.uy\/marcas\/wp-content\/uploads\/2021\/07\/cx30_02.jpg\" data-id=\"534\" data-link=\"https:\/\/sensei.uy\/marcas\/3-cx-30-la-radio\/cx30_02\/#main\" data-original-link=\"https:\/\/www.memoria.org.uy\/marcas\/wp-content\/uploads\/2021\/07\/cx30_02.jpg\" class=\"wp-block-getwid-images-slider__image wp-image-534\" srcset=\"https:\/\/www.memoria.org.uy\/marcas\/wp-content\/uploads\/2021\/07\/cx30_02.jpg 700w, https:\/\/www.memoria.org.uy\/marcas\/wp-content\/uploads\/2021\/07\/cx30_02-300x176.jpg 300w\" sizes=\"auto, (max-width: 700px) 100vw, 700px\" \/><\/figure><\/div><div class=\"wp-block-getwid-images-slider__item\"><figure><img loading=\"lazy\" decoding=\"async\" width=\"700\" height=\"410\" src=\"https:\/\/www.memoria.org.uy\/marcas\/wp-content\/uploads\/2021\/07\/cx30_01.jpg\" data-id=\"535\" data-link=\"https:\/\/sensei.uy\/marcas\/3-cx-30-la-radio\/cx30_01\/#main\" data-original-link=\"https:\/\/www.memoria.org.uy\/marcas\/wp-content\/uploads\/2021\/07\/cx30_01.jpg\" class=\"wp-block-getwid-images-slider__image wp-image-535\" srcset=\"https:\/\/www.memoria.org.uy\/marcas\/wp-content\/uploads\/2021\/07\/cx30_01.jpg 700w, https:\/\/www.memoria.org.uy\/marcas\/wp-content\/uploads\/2021\/07\/cx30_01-300x176.jpg 300w\" sizes=\"auto, (max-width: 700px) 100vw, 700px\" \/><\/figure><\/div><\/div><\/div>\n\n\n\n<p>Se instal\u00f3 nueva Marca de la Resistencia en el Municipio b, esta vez frente a los estudios de la radio CX30 (Radio Nacional).<\/p>\n\n\n\n<div class=\"wp-block-getwid-images-slider has-arrows-inside has-dots-inside has-captions captions-style-light captions-bottom-center has-images-center has-cropped-images\"><div class=\"wp-block-getwid-images-slider__wrapper\" data-effect=\"slide\" data-slides-show=\"1\" data-slides-show-laptop=\"1\" data-slides-show-tablet=\"1\" data-slides-show-mobile=\"1\" data-slides-scroll=\"1\" data-autoplay=\"true\" data-autoplay-speed=\"6000\" data-infinite=\"true\" data-animation-speed=\"800\" data-center-mode=\"false\" data-variable-width=\"false\" data-arrows=\"inside\" data-dots=\"inside\" data-spacing=\"none\"><div class=\"wp-block-getwid-images-slider__item\"><figure><img loading=\"lazy\" decoding=\"async\" width=\"1024\" height=\"762\" src=\"https:\/\/www.memoria.org.uy\/marcas\/wp-content\/uploads\/2021\/07\/Captura-de-Pantalla-2020-03-11-a-las-08.44.58-1024x762-1.png\" data-id=\"595\" data-link=\"https:\/\/sensei.uy\/marcas\/3-cx-30-la-radio\/captura-de-pantalla-2020-03-11-a-las-08-44-58-1024x762\/#main\" data-original-link=\"https:\/\/www.memoria.org.uy\/marcas\/wp-content\/uploads\/2021\/07\/Captura-de-Pantalla-2020-03-11-a-las-08.44.58-1024x762-1.png\" class=\"wp-block-getwid-images-slider__image wp-image-595\" srcset=\"https:\/\/www.memoria.org.uy\/marcas\/wp-content\/uploads\/2021\/07\/Captura-de-Pantalla-2020-03-11-a-las-08.44.58-1024x762-1.png 1024w, https:\/\/www.memoria.org.uy\/marcas\/wp-content\/uploads\/2021\/07\/Captura-de-Pantalla-2020-03-11-a-las-08.44.58-1024x762-1-300x223.png 300w, https:\/\/www.memoria.org.uy\/marcas\/wp-content\/uploads\/2021\/07\/Captura-de-Pantalla-2020-03-11-a-las-08.44.58-1024x762-1-768x572.png 768w\" sizes=\"auto, (max-width: 1024px) 100vw, 1024px\" \/><\/figure><\/div><div class=\"wp-block-getwid-images-slider__item\"><figure><img loading=\"lazy\" decoding=\"async\" width=\"620\" height=\"400\" src=\"https:\/\/www.memoria.org.uy\/marcas\/wp-content\/uploads\/2021\/07\/german-araujo-1.jpg\" data-id=\"555\" data-link=\"https:\/\/sensei.uy\/marcas\/3-cx-30-la-radio\/german-araujo-3\/#main\" data-original-link=\"https:\/\/www.memoria.org.uy\/marcas\/wp-content\/uploads\/2021\/07\/german-araujo-1.jpg\" class=\"wp-block-getwid-images-slider__image wp-image-555\" srcset=\"https:\/\/www.memoria.org.uy\/marcas\/wp-content\/uploads\/2021\/07\/german-araujo-1.jpg 620w, https:\/\/www.memoria.org.uy\/marcas\/wp-content\/uploads\/2021\/07\/german-araujo-1-300x194.jpg 300w\" sizes=\"auto, (max-width: 620px) 100vw, 620px\" \/><\/figure><\/div><div class=\"wp-block-getwid-images-slider__item\"><figure><img loading=\"lazy\" decoding=\"async\" width=\"287\" height=\"193\" src=\"https:\/\/www.memoria.org.uy\/marcas\/wp-content\/uploads\/2021\/07\/marycarmen-german.jpg\" data-id=\"552\" data-link=\"https:\/\/sensei.uy\/marcas\/3-cx-30-la-radio\/marycarmen-german\/#main\" data-original-link=\"https:\/\/www.memoria.org.uy\/marcas\/wp-content\/uploads\/2021\/07\/marycarmen-german.jpg\" class=\"wp-block-getwid-images-slider__image wp-image-552\"\/><\/figure><\/div><div class=\"wp-block-getwid-images-slider__item\"><figure><img loading=\"lazy\" decoding=\"async\" width=\"620\" height=\"400\" src=\"https:\/\/www.memoria.org.uy\/marcas\/wp-content\/uploads\/2021\/07\/Araujo-1.jpg\" data-id=\"557\" data-link=\"https:\/\/sensei.uy\/marcas\/3-cx-30-la-radio\/german-araujo-4\/#main\" data-original-link=\"https:\/\/www.memoria.org.uy\/marcas\/wp-content\/uploads\/2021\/07\/Araujo-1.jpg\" class=\"wp-block-getwid-images-slider__image wp-image-557\" srcset=\"https:\/\/www.memoria.org.uy\/marcas\/wp-content\/uploads\/2021\/07\/Araujo-1.jpg 620w, https:\/\/www.memoria.org.uy\/marcas\/wp-content\/uploads\/2021\/07\/Araujo-1-300x194.jpg 300w\" sizes=\"auto, (max-width: 620px) 100vw, 620px\" \/><\/figure><\/div><div class=\"wp-block-getwid-images-slider__item\"><figure><img loading=\"lazy\" decoding=\"async\" width=\"621\" height=\"469\" src=\"https:\/\/www.memoria.org.uy\/marcas\/wp-content\/uploads\/2021\/07\/d6egN4a-1.jpg\" data-id=\"553\" data-link=\"https:\/\/sensei.uy\/marcas\/3-cx-30-la-radio\/d6egn4a-2\/#main\" data-original-link=\"https:\/\/www.memoria.org.uy\/marcas\/wp-content\/uploads\/2021\/07\/d6egN4a-1.jpg\" class=\"wp-block-getwid-images-slider__image wp-image-553\" srcset=\"https:\/\/www.memoria.org.uy\/marcas\/wp-content\/uploads\/2021\/07\/d6egN4a-1.jpg 621w, https:\/\/www.memoria.org.uy\/marcas\/wp-content\/uploads\/2021\/07\/d6egN4a-1-300x227.jpg 300w\" sizes=\"auto, (max-width: 621px) 100vw, 621px\" \/><\/figure><\/div><div class=\"wp-block-getwid-images-slider__item\"><figure><img loading=\"lazy\" decoding=\"async\" width=\"500\" height=\"328\" src=\"https:\/\/www.memoria.org.uy\/marcas\/wp-content\/uploads\/2021\/07\/img_1570564956-1.jpg\" data-id=\"554\" data-link=\"https:\/\/sensei.uy\/marcas\/3-cx-30-la-radio\/img_1570564956-1\/#main\" data-original-link=\"https:\/\/www.memoria.org.uy\/marcas\/wp-content\/uploads\/2021\/07\/img_1570564956-1.jpg\" class=\"wp-block-getwid-images-slider__image wp-image-554\" srcset=\"https:\/\/www.memoria.org.uy\/marcas\/wp-content\/uploads\/2021\/07\/img_1570564956-1.jpg 500w, https:\/\/www.memoria.org.uy\/marcas\/wp-content\/uploads\/2021\/07\/img_1570564956-1-300x197.jpg 300w\" sizes=\"auto, (max-width: 500px) 100vw, 500px\" \/><\/figure><\/div><div class=\"wp-block-getwid-images-slider__item\"><figure><img loading=\"lazy\" decoding=\"async\" width=\"669\" height=\"418\" src=\"https:\/\/www.memoria.org.uy\/marcas\/wp-content\/uploads\/2021\/07\/CX30LaRadio2-1.jpg\" data-id=\"556\" data-link=\"https:\/\/sensei.uy\/marcas\/3-cx-30-la-radio\/cx30laradio2-2\/#main\" data-original-link=\"https:\/\/www.memoria.org.uy\/marcas\/wp-content\/uploads\/2021\/07\/CX30LaRadio2-1.jpg\" class=\"wp-block-getwid-images-slider__image wp-image-556\" srcset=\"https:\/\/www.memoria.org.uy\/marcas\/wp-content\/uploads\/2021\/07\/CX30LaRadio2-1.jpg 669w, https:\/\/www.memoria.org.uy\/marcas\/wp-content\/uploads\/2021\/07\/CX30LaRadio2-1-300x187.jpg 300w\" sizes=\"auto, (max-width: 669px) 100vw, 669px\" \/><\/figure><\/div><\/div><\/div>\n<\/div><\/div>\n\n\n\n<div class=\"wp-block-kadence-column inner-column-2 kadence-column_baf0e7-55\"><div class=\"kt-inside-inner-col\">\n<p>29.08.2014 &#8211; 22:28<\/p>\n\n\n\n<h4 class=\"wp-block-heading\">Nueva marca de memoria<\/h4>\n\n\n\n<p>A los pies del Palacio Salvo, donde se erige la m\u00edstica CX 30, fue instalada una nueva Marca de la Resistencia en territorio del Municipio b. El proyecto \u00abMarcas de la memoria\u00bb busca reivindicar y recordar por siempre la lucha del pueblo uruguayo contra la dictadura c\u00edvico militar. Es una forma de perpetuar su historia y su recuerdo. Es el resultado de la participaci\u00f3n y el trabajo en conjunto entre la Intendencia de Montevideo, la Asociaci\u00f3n Memoria de la Residencia, el PIT \u2013 CNT y la Universidad de la Rep\u00fablica.<\/p>\n\n\n\n<p>Bajo la conducci\u00f3n de un hist\u00f3rico de la 30 como el periodista y escritor Alberto Silva se realiz\u00f3 este homenaje que cont\u00f3 en la oratoria con las palabras de la Intendenta de Montevideo Ana Olivera, el alcalde del Municipio b Carlos Varela y representantes de la Asociaci\u00f3n Marcas de la Resistencia. Tambi\u00e9n esgrimi\u00f3 algunas palabras el ex director de la radio Alberto Grille, al actual, su hijo, Mateo, y la periodista Alejandra \u201cnegra\u201d Casablanca quien ley\u00f3 una carta realizada por la tambi\u00e9n periodista Daina Rodr\u00edguez. Directivos, trabajadores y ex empleados de CX 30 se hicieron presente en el lugar rodeados de diversos vecinos y oyentes de la radio que se acercaron al acto de homenaje.<\/p>\n\n\n\n<p><br><strong>Germ\u00e1n, vivo en el homenaje<\/strong><\/p>\n\n\n\n<p>Los oradores tuvieron palabras muy sentidas hacia quien fuera el m\u00e1ximo referente de la emisora y una de las voces m\u00e1s importantes de la lucha contra la dictadura como Germ\u00e1n Araujo, que con su particular voz y tradicional \u201cQu\u00e9 tal amigos\u201d a\u00fan nos emociona.<\/p>\n\n\n\n<p><strong>No olvidar la memoria<\/strong><\/p>\n\n\n\n<p>La emoci\u00f3n acompa\u00f1\u00f3 los discuros, tanto del alcalde Varela como el de la Intendenta Olivera. El alcalde se refiri\u00f3 a los duros a\u00f1os de su ni\u00f1ez durante la dictadura c\u00edvico militar y llam\u00f3 a \u00abno permitir olvidar la memoria colectiva\u00bb. Sostuvo que \u00abGerm\u00e1n (Araujo) fue uno de los referentes que permiti\u00f3 ver la luz en el medio de la noche oscura, y nos ense\u00f1\u00f3 por qu\u00e9 vale la pena luchar\u00bb. La Intendenta Olivera, por su parte, cont\u00f3 lo sucedido con el plebiscito que le dijo NO a la dictadura y la importancia que tuvo Germ\u00e1n Araujo en la comunicaci\u00f3n. <a rel=\"noreferrer noopener\" href=\"https:\/\/municipiob.montevideo.gub.uy\/comunicacion\/noticias\/nueva-marca-de-memoria\" target=\"_blank\">Enlace a noticia Municipio B.<\/a><\/p>\n<\/div><\/div>\n<\/div><\/div><\/div>\n\n\n\n<hr class=\"wp-block-separator has-text-color has-background has-black-background-color has-black-color is-style-wide\"\/>\n\n\n\n<h2 class=\"wp-block-heading\" id=\"medios-e1ccef96-a234-4cba-9715-9a830e8bfffb\">MEDIOS<\/h2>\n\n\n\n<p>Enlaces a publicaciones en medios audiovisuales<\/p>\n\n\n\n<p><a href=\"https:\/\/www.youtube.com\/watch?v=F5YSFXrJZRI\" data-type=\"URL\" data-id=\"https:\/\/www.youtube.com\/watch?v=F5YSFXrJZRI\" target=\"_blank\" rel=\"noreferrer noopener\">Germ\u00e1n Araujo. La huelga de hambre. <\/a>Conversamos con Eduardo Migliaro y Gustavo Buquet.<\/p>\n\n\n\n<p><a href=\"https:\/\/www.youtube.com\/watch?v=ENQH2fdjT4Q\" data-type=\"URL\" data-id=\"https:\/\/www.youtube.com\/watch?v=ENQH2fdjT4Q\" target=\"_blank\" rel=\"noreferrer noopener\">Asociaci\u00f3n Jos\u00e9 German Araujo. Cap 2. <\/a>Conversamos con Eduardo Migliaro y Gustavo Buquet.<\/p>\n\n\n\n<p><a rel=\"noreferrer noopener\" href=\"https:\/\/www.youtube.com\/watch?v=TkKQMG9OUc0\" data-type=\"URL\" data-id=\"https:\/\/www.youtube.com\/watch?v=TkKQMG9OUc0\" target=\"_blank\">Germ\u00e1n Ara\u00fajo \u00bfQui\u00e9n era? Tercera parte.<\/a> Encuentro con miembros de la Asociaci\u00f3n que lleva su nombre.<\/p>\n\n\n\n<p><a rel=\"noreferrer noopener\" href=\"https:\/\/www.youtube.com\/watch?v=ru8uzFkTCDk\" data-type=\"URL\" data-id=\"https:\/\/www.youtube.com\/watch?v=ru8uzFkTCDk\" target=\"_blank\">\u00bfQui\u00e9n era Jos\u00e9 Germ\u00e1n Ara\u00fajo? Cap\u00edtulo 4.<\/a> Desde la CX 30 La Radio en los a\u00f1os 80 logr\u00f3 audiencias que dificilmente fueron superadas en la historia de la radiofon\u00eda en Uruguay. Un luchador incansable, \u00e9tico, frontal y con enrome carisma. Conversamos con dos de los integrantes de la Asociaci\u00f3n que lleva su nombre y elegimos entrevistarlos en el Sitio de la Memoria que recuerda su gesta en la esquina de la Plaza Independencia debajo del Palacio Salvo, lugar donde estaban los estudios de esa radio que fue clausurada por la Dictadura Militar.<\/p>\n\n\n\n<p><a rel=\"noreferrer noopener\" href=\"https:\/\/www.youtube.com\/watch?v=DIBaKpFCa-M\" data-type=\"URL\" data-id=\"https:\/\/www.youtube.com\/watch?v=DIBaKpFCa-M\" target=\"_blank\">\u00bfQui\u00e9n era Germ\u00e1n Ara\u00fajo?<\/a> Conversamos con miembros de la Asociaci\u00f3n que lleva su nombre. Cap\u00edtulo 5.<\/p>\n\n\n\n<p><a rel=\"noreferrer noopener\" href=\"https:\/\/www.youtube.com\/watch?v=UzGlucXftC4\" data-type=\"URL\" data-id=\"https:\/\/www.youtube.com\/watch?v=UzGlucXftC4\" target=\"_blank\">CX 30 \u00abLA RADIO\u00bb a\u00f1o 1984<\/a><a href=\"https:\/\/www.youtube.com\/watch?v=UzGlucXftC4\" data-type=\"URL\" data-id=\"https:\/\/www.youtube.com\/watch?v=UzGlucXftC4\" target=\"_blank\" rel=\"noreferrer noopener\">,<\/a><a rel=\"noreferrer noopener\" href=\"https:\/\/www.youtube.com\/watch?v=UzGlucXftC4\" data-type=\"URL\" data-id=\"https:\/\/www.youtube.com\/watch?v=UzGlucXftC4\" target=\"_blank\"> Germ\u00e1n Ara\u00fajo. <\/a>Fragmento del primer <strong>\u00abDiario 30\u00bb <\/strong>de Jos\u00e9 Germ\u00e1n Ara\u00fajo, luego de la clausura y reapertura el 18 de enero de 1984<\/p>\n\n\n\n<p><a rel=\"noreferrer noopener\" href=\"https:\/\/www.youtube.com\/watch?v=eo9E8mJF8XA\" data-type=\"URL\" data-id=\"https:\/\/www.youtube.com\/watch?v=eo9E8mJF8XA\" target=\"_blank\">Jos\u00e9 Germ\u00e1n Ara\u00fajo en cx 30 Radio Nacional. <\/a>Entrevista realizada por Alberto Silva a mediados de los a\u00f1os 80, al periodista, ex director de CX 30 La Radio y ex Senador de la Republica, Jos\u00e9 German Araujo en el programa \u00abPuntos de Vista\u00bb de Amargueando CX 30 Radio Nacional (Uruguay).<\/p>\n\n\n\n<p><a rel=\"noreferrer noopener\" href=\"https:\/\/www.youtube.com\/watch?v=Sfp5Q_ymauI\" data-type=\"URL\" data-id=\"https:\/\/www.youtube.com\/watch?v=Sfp5Q_ymauI\" target=\"_blank\">Jos\u00e9 German Ara\u00fajo 1980 saludo de fin de a\u00f1o. <\/a>Saludo de Jos\u00e9 Germ\u00e1n Araujo, entonces Director de CX 30 La Radio (hoy CX 30 Radio Nacional 1130 AM) en el a\u00f1o 1980 a 1 mes del hist\u00f3rico plebiscito convocado por la dictadura c\u00edvico-militar donde nuestro pueblo rechaz\u00f3 esa reforma con casi el 57% de los votos v\u00e1lidos.<\/p>\n\n\n\n<p><a href=\"https:\/\/www.youtube.com\/watch?v=2kQhgWc1Bco\" data-type=\"URL\" data-id=\"https:\/\/www.youtube.com\/watch?v=2kQhgWc1Bco\" target=\"_blank\" rel=\"noreferrer noopener\">Jos\u00e9 Germ\u00e1n Ara\u00fajo &#8211; Mensaje navide\u00f1o 24-12-80. <\/a>El 24 de diciembre de 1980, en plena dictadura militar, la emisora uruguaya CX30, irradiaba este mensaje navide\u00f1o a cargo de su director, Jos\u00e9 Germ\u00e1n Ara\u00fajo.<\/p>\n\n\n\n<p><a href=\"https:\/\/www.youtube.com\/watch?v=k29b8SyPy6A\" data-type=\"URL\" data-id=\"https:\/\/www.youtube.com\/watch?v=k29b8SyPy6A\" target=\"_blank\" rel=\"noreferrer noopener\">Lanzamiento de la Asociaci\u00f3n Jos\u00e9 Germ\u00e1n Ara\u00fajo.<\/a><\/p>\n\n\n\n<hr class=\"wp-block-separator has-text-color has-background has-black-background-color has-black-color is-style-wide\"\/>\n\n\n\n<h2 class=\"wp-block-heading\" id=\"entrevistas-7549a4a6-50f3-4b88-af42-e4d8e11388d6\">ENTREVISTAS<\/h2>\n\n\n\n<p>Enlaces a entrevistas.<\/p>\n\n\n\n<p><a href=\"http:\/\/semanariovoces.com\/jose-german-araujo\/\" data-type=\"URL\" data-id=\"http:\/\/semanariovoces.com\/jose-german-araujo\/\" target=\"_blank\" rel=\"noreferrer noopener\">Jos\u00e9 Germ\u00e1n Ara\u00fajo. <\/a>Por Jorge Pasculli. Semanario Voces. 1 junio, 2017.<\/p>\n\n\n\n<p><a href=\"https:\/\/www.laondadigital.uy\/archivos\/41422\">J<\/a><a rel=\"noreferrer noopener\" href=\"https:\/\/www.laondadigital.uy\/archivos\/41422\" target=\"_blank\">os\u00e9 Germ\u00e1n Ara\u00fajo: la voz de la Resistencia<\/a>. Por el Prof. Gonzalo Alsina. La<a rel=\"noreferrer noopener\" href=\"https:\/\/www.laondadigital.uy\/\" target=\"_blank\">&nbsp;ONDA DIGITAL<\/a>&nbsp;N\u00ba&nbsp;938.<\/p>\n\n\n\n<p><a rel=\"noreferrer noopener\" href=\"http:\/\/goldelpueblo.blogspot.com\/2010\/11\/german-araujo-la-voz-de-la-resistencia.html\" target=\"_blank\">GERM\u00c1N ARAUJO: LA VOZ DE LA RESISTENCIA.<\/a> Blog de Jos\u00e9 Pacella. Viernes, 19 de noviembre de 2010.<\/p>\n\n\n\n<hr class=\"wp-block-separator has-text-color has-background has-black-background-color has-black-color is-style-wide\"\/>\n\n\n\n<h2 class=\"wp-block-heading\" id=\"prensa-bf0866e5-1545-462a-9a84-a1e9588f73ca\">PRENSA<\/h2>\n\n\n\n<p>Enlaces a publicaciones de prensa.<\/p>\n\n\n\n<p><\/p>\n\n\n\n<p><a rel=\"noreferrer noopener\" href=\"https:\/\/www.lr21.com.uy\/comunidad\/1192675-inauguran-marca-de-la-resistencia-frente-a-los-estudios-de-cx-30-radio-nacional\" data-type=\"URL\" data-id=\"https:\/\/www.lr21.com.uy\/comunidad\/1192675-inauguran-marca-de-la-resistencia-frente-a-los-estudios-de-cx-30-radio-nacional\" target=\"_blank\">Inauguran Marca de la Resistencia frente a los estudios de CX 30 Radio Nacional.<\/a><br>La Intendencia de Montevideo y la Asociaci\u00f3n Marcas de la Resistencia inauguraron una nueva marca en memoria de los actos de resistencia contra la dictadura c\u00edvico militar (1973-1985), en esta oportunidad se instal\u00f3 frente a los estudios de CX 30 Radio Nacional. 31 de agosto de 2014, 20:21hs.<\/p>\n\n\n\n<p><a href=\"http:\/\/CX30: una nueva marca en la memoria.\" target=\"_blank\" rel=\"noreferrer noopener\">CX30: una nueva marca en la memoria.<\/a> INAUGURA ESTE VIERNES 29. <br>MONTEVIDEO (Uypress) \u2013 Este vierens 29 se inaugura una nueva \u201cmarca de la memoria\u201d en la esquina de Plaza Independencia y Avenida 18 de Julio. La radio CX30 es el sitio que se eligi\u00f3 para representar a los medios de comunicaci\u00f3n que promovieron la resistencia popular durante la \u00faltima dictadura uruguaya. 29.08.2014<\/p>\n\n\n\n<hr class=\"wp-block-separator has-text-color has-background has-black-background-color has-black-color is-style-wide\"\/>\n\n\n\n<h2 class=\"wp-block-heading\" id=\"publicaciones-5efd2e9a-bf03-44de-923a-b660fe1d8d82\">PUBLICACIONES<\/h2>\n\n\n\n<p>Enlace a publicaciones impresas, en pdf o formato de distribuci\u00f3n de otro tipo.<\/p>\n\n\n\n<p><a rel=\"noreferrer noopener\" href=\"Marcas de la Memoria.\" target=\"_blank\">Proyecto: Marcas de la Memoria. <br><\/a>Agust\u00edn Brand\u00f3n. Presentaci\u00f3n PREZI. Actualizada 19 de Abril de 2018.<\/p>\n\n\n\n<hr class=\"wp-block-separator has-text-color has-background has-black-background-color has-black-color is-style-wide\"\/>\n\n\n\n<h2 class=\"wp-block-heading\" id=\"enlaces-71ce6fa2-cd0f-4666-8ec7-a33141cd936d\">ENLACES<\/h2>\n\n\n\n<p> Enlaces a publicaciones en sitios web.<\/p>\n\n\n\n<p><a rel=\"noreferrer noopener\" href=\"https:\/\/es.wikipedia.org\/wiki\/Germ%C3%A1n_Ara%C3%BAjo\" data-type=\"URL\" data-id=\"https:\/\/es.wikipedia.org\/wiki\/Germ%C3%A1n_Ara%C3%BAjo\" target=\"_blank\">Germ\u00e1n Ara\u00fajo.<\/a> Wikipedia.<\/p>\n\n\n\n<p><a href=\"http:\/\/crysol.blogspot.com\/2014\/08\/marca-de-la-memoria-en-cx30.html\">Marca de la memoria en CX30<\/a>. <strong>LA MEMORIA COMO ABRAZO<\/strong>. Caras y Caretas &#8211; S\u00e1bado, 30 de Agosto de 2014.<\/p>\n\n\n\n<p><a rel=\"noreferrer noopener\" href=\"https:\/\/www.lr21.com.uy\/editorial\/108514-a-diez-anos-de-la-muerte-de-german-araujo?utm_source=redirects&amp;utm_medium=dominiolargo&amp;utm_campaign=301_Redirects\" target=\"_blank\">A diez a\u00f1os de la muerte de Germ\u00e1n Ara\u00fajo. <\/a>La Red 21. 09 de marzo de 2003, 10:29hs.<\/p>\n\n\n\n<p><a rel=\"noreferrer noopener\" href=\"https:\/\/www.facebook.com\/lanacional1130\/videos\/513808452288886\" data-type=\"URL\" data-id=\"https:\/\/www.facebook.com\/lanacional1130\/videos\/513808452288886\" target=\"_blank\">Homenaje a Germ\u00e1n Ara<\/a><a href=\"https:\/\/www.facebook.com\/lanacional1130\/videos\/513808452288886\" data-type=\"URL\" data-id=\"https:\/\/www.facebook.com\/lanacional1130\/videos\/513808452288886\" target=\"_blank\" rel=\"noreferrer noopener\">\u00fa<\/a><a rel=\"noreferrer noopener\" href=\"https:\/\/www.facebook.com\/lanacional1130\/videos\/513808452288886\" data-type=\"URL\" data-id=\"https:\/\/www.facebook.com\/lanacional1130\/videos\/513808452288886\" target=\"_blank\">jo y CX 30. <\/a>Descubrimiento de la placa en su recuerdo en La Radio, entrepiso del Palacio Salvo. 6 de setiembre de 2017.<\/p>\n\n\n\n<p><a href=\"https:\/\/donde-estan.com\/2017\/09\/07\/german-araujo-presente\/\" data-type=\"URL\" data-id=\"https:\/\/donde-estan.com\/2017\/09\/07\/german-araujo-presente\/\">Se coloc\u00f3 placa en memoria de Jos\u00e9 Germ\u00e1n Ara\u00fajo en la entrada de CX 30.<\/a> <a href=\"https:\/\/donde-estan.com\/\">Association o\u00f9 sont-ils ? France \u2013 Asociaci\u00f3n \u00bfD\u00f3nde Est\u00e1n? \u2013 Francia<\/a>.<\/p>\n<style class=\"advgb-styles-renderer\">#kt-layout-id_e92a50-99{margin-bottom:0px;}#kt-layout-id_e92a50-99 > .kt-row-column-wrap{align-content:start;}:where(#kt-layout-id_e92a50-99 > .kt-row-column-wrap) > .wp-block-kadence-column{justify-content:start;}#kt-layout-id_e92a50-99 > .kt-row-column-wrap{column-gap:var(--global-kb-gap-md, 2rem);row-gap:var(--global-kb-gap-md, 2rem);padding-top:var( --global-kb-row-default-top, 25px );padding-bottom:var( --global-kb-row-default-bottom, 25px );padding-top:var(--global-kb-spacing-sm, 1.5rem);padding-bottom:var(--global-kb-spacing-sm, 1.5rem);grid-template-columns:repeat(2, minmax(0, 1fr));}#kt-layout-id_e92a50-99{background-color:rgba(155,81,224,0.19);}#kt-layout-id_e92a50-99 > .kt-row-layout-overlay{opacity:0.30;}@media all and (max-width: 1024px){#kt-layout-id_e92a50-99 > .kt-row-column-wrap{grid-template-columns:repeat(2, minmax(0, 1fr));}}@media all and (max-width: 767px){#kt-layout-id_e92a50-99 > .kt-row-column-wrap{grid-template-columns:minmax(0, 1fr);}}.kadence-column_d5f78a-69 > .kt-inside-inner-col{border-top-width:0px;border-right-width:0px;border-bottom-width:0px;border-left-width:0px;}.kadence-column_d5f78a-69 > .kt-inside-inner-col,.kadence-column_d5f78a-69 > .kt-inside-inner-col:before{border-top-left-radius:0px;border-top-right-radius:0px;border-bottom-right-radius:0px;border-bottom-left-radius:0px;}.kadence-column_d5f78a-69 > .kt-inside-inner-col{column-gap:var(--global-kb-gap-sm, 1rem);}.kadence-column_d5f78a-69 > .kt-inside-inner-col{flex-direction:column;}.kadence-column_d5f78a-69 > .kt-inside-inner-col > .aligncenter{width:100%;}.kadence-column_d5f78a-69 > .kt-inside-inner-col:before{opacity:0.3;}.kadence-column_d5f78a-69{position:relative;}@media all and (max-width: 1024px){.kadence-column_d5f78a-69 > .kt-inside-inner-col{flex-direction:column;}}@media all and (max-width: 767px){.kadence-column_d5f78a-69 > .kt-inside-inner-col{flex-direction:column;}}.kadence-column_baf0e7-55 > .kt-inside-inner-col{border-top-width:0px;border-right-width:0px;border-bottom-width:0px;border-left-width:0px;}.kadence-column_baf0e7-55 > .kt-inside-inner-col,.kadence-column_baf0e7-55 > .kt-inside-inner-col:before{border-top-left-radius:0px;border-top-right-radius:0px;border-bottom-right-radius:0px;border-bottom-left-radius:0px;}.kadence-column_baf0e7-55 > .kt-inside-inner-col{column-gap:var(--global-kb-gap-sm, 1rem);}.kadence-column_baf0e7-55 > .kt-inside-inner-col{flex-direction:column;}.kadence-column_baf0e7-55 > .kt-inside-inner-col > .aligncenter{width:100%;}.kadence-column_baf0e7-55 > .kt-inside-inner-col:before{opacity:0.3;}.kadence-column_baf0e7-55{position:relative;}@media all and (max-width: 1024px){.kadence-column_baf0e7-55 > .kt-inside-inner-col{flex-direction:column;}}@media all and (max-width: 767px){.kadence-column_baf0e7-55 > .kt-inside-inner-col{flex-direction:column;}}<\/style>","protected":false},"excerpt":{"rendered":"<p>Los medios de comunicaci\u00f3n y particularmente CX 30 La Radio, tuvieron una actuaci\u00f3n destacada en la promoci\u00f3n de la resistencia popular, ciudadana y democr\u00e1tica contra la dictadura c\u00edvico militar instaurada el 27 de junio de 1973. INAUGURACI\u00d3N Se instal\u00f3 nueva Marca de la Resistencia en el Municipio b, esta vez frente a los estudios de &#8230; <a title=\"3. CX 30 La Radio\" class=\"read-more\" href=\"https:\/\/www.memoria.org.uy\/marcas\/3-cx-30-la-radio\/\" aria-label=\"Leer m\u00e1s sobre 3. CX 30 La Radio\">Leer m\u00e1s<\/a><\/p>\n","protected":false},"author":2,"featured_media":0,"parent":0,"menu_order":0,"comment_status":"closed","ping_status":"closed","template":"","meta":{"advgb_blocks_editor_width":"","advgb_blocks_columns_visual_guide":"","footnotes":""},"class_list":["post-514","page","type-page","status-publish"],"coauthors":[],"author_meta":{"author_link":"https:\/\/www.memoria.org.uy\/marcas\/author\/sensei\/","display_name":"sensei"},"relative_dates":{"created":"Publicado 5 a\u00f1os hace","modified":"Actualizado 5 a\u00f1os hace"},"absolute_dates":{"created":"Publicado el julio 30, 2021","modified":"Actualizado el julio 30, 2021"},"absolute_dates_time":{"created":"Publicado el julio 30, 2021 12:03 am","modified":"Actualizado el julio 30, 2021 12:03 am"},"featured_img_caption":"","featured_img":false,"series_order":"","_links":{"self":[{"href":"https:\/\/www.memoria.org.uy\/marcas\/wp-json\/wp\/v2\/pages\/514","targetHints":{"allow":["GET"]}}],"collection":[{"href":"https:\/\/www.memoria.org.uy\/marcas\/wp-json\/wp\/v2\/pages"}],"about":[{"href":"https:\/\/www.memoria.org.uy\/marcas\/wp-json\/wp\/v2\/types\/page"}],"author":[{"embeddable":true,"href":"https:\/\/www.memoria.org.uy\/marcas\/wp-json\/wp\/v2\/users\/2"}],"replies":[{"embeddable":true,"href":"https:\/\/www.memoria.org.uy\/marcas\/wp-json\/wp\/v2\/comments?post=514"}],"version-history":[{"count":0,"href":"https:\/\/www.memoria.org.uy\/marcas\/wp-json\/wp\/v2\/pages\/514\/revisions"}],"wp:attachment":[{"href":"https:\/\/www.memoria.org.uy\/marcas\/wp-json\/wp\/v2\/media?parent=514"}],"curies":[{"name":"wp","href":"https:\/\/api.w.org\/{rel}","templated":true}]}}