{"id":402,"date":"2021-07-28T23:26:49","date_gmt":"2021-07-28T23:26:49","guid":{"rendered":"https:\/\/sensei.uy\/marcas\/?page_id=402"},"modified":"2021-07-28T23:26:49","modified_gmt":"2021-07-28T23:26:49","slug":"1-ex-federacion-de-obreros-de-la-industria-del-vidrio-foiv","status":"publish","type":"page","link":"https:\/\/www.memoria.org.uy\/marcas\/1-ex-federacion-de-obreros-de-la-industria-del-vidrio-foiv\/","title":{"rendered":"1. Ex Federaci\u00f3n de Obreros de la Industria del Vidrio \u2013 FOIV"},"content":{"rendered":"\n<div class=\"wp-block-media-text alignwide is-stacked-on-mobile has-background\" style=\"background-color:#f2eff5\"><figure class=\"wp-block-media-text__media\"><img loading=\"lazy\" decoding=\"async\" width=\"351\" height=\"233\" src=\"https:\/\/www.memoria.org.uy\/marcas\/wp-content\/uploads\/2021\/07\/el_pueblo_unido.jpg\" alt=\"\" class=\"wp-image-272 size-full\" srcset=\"https:\/\/www.memoria.org.uy\/marcas\/wp-content\/uploads\/2021\/07\/el_pueblo_unido.jpg 351w, https:\/\/www.memoria.org.uy\/marcas\/wp-content\/uploads\/2021\/07\/el_pueblo_unido-300x199.jpg 300w\" sizes=\"auto, (max-width: 351px) 100vw, 351px\" \/><\/figure><div class=\"wp-block-media-text__content\">\n<p>En la noche del 27 de junio de 1973 se reuni\u00f3 en este local de la Federaci\u00f3n del Vidrio el secretariado de la Convenci\u00f3n Nacional de Trabajadores (CNT) presidido por Jos\u00e9 \u201cPepe\u201d D\u2019El\u00eda y decidi\u00f3 enfrentar con la huelga general y la ocupaci\u00f3n de los lugares de trabajo la disoluci\u00f3n del Parlamento, el golpe de Estado y la instauraci\u00f3n de una dictadura c\u00edvico-militar.&nbsp;<\/p>\n<\/div><\/div>\n\n\n\n<hr class=\"wp-block-separator has-text-color has-background has-black-background-color has-black-color is-style-wide\"\/>\n\n\n\n<h2 class=\"wp-block-heading\" id=\"medios-e1ccef96-a234-4cba-9715-9a830e8bfffb\">INAUGURACI\u00d3N<\/h2>\n\n\n\n<div class=\"wp-block-kadence-rowlayout alignnone\"><div id=\"kt-layout-id_f3d9eb-9c\" class=\"kt-row-layout-inner kt-row-has-bg kt-layout-id_f3d9eb-9c\"><div class=\"kt-row-column-wrap kt-has-2-columns kt-gutter-default kt-v-gutter-default kt-row-valign-top kt-row-layout-equal kt-tab-layout-inherit kt-m-colapse-left-to-right kt-mobile-layout-row\">\n<div class=\"wp-block-kadence-column inner-column-1 kadence-column_891c75-e7\"><div class=\"kt-inside-inner-col\">\n<div class=\"wp-block-getwid-images-slider has-arrows-inside has-dots-inside has-images-center has-cropped-images\"><div class=\"wp-block-getwid-images-slider__wrapper\" data-effect=\"slide\" data-slides-show=\"1\" data-slides-show-laptop=\"1\" data-slides-show-tablet=\"1\" data-slides-show-mobile=\"1\" data-slides-scroll=\"1\" data-autoplay=\"false\" data-autoplay-speed=\"6000\" data-infinite=\"true\" data-animation-speed=\"800\" data-center-mode=\"false\" data-variable-width=\"false\" data-arrows=\"inside\" data-dots=\"inside\" data-spacing=\"none\"><div class=\"wp-block-getwid-images-slider__item\"><figure><img loading=\"lazy\" decoding=\"async\" width=\"600\" height=\"450\" src=\"https:\/\/www.memoria.org.uy\/marcas\/wp-content\/uploads\/2021\/07\/marca_foiv._tabare_vazquez_y_eduardo_platero_dsc05364.jpg\" data-id=\"486\" data-link=\"https:\/\/sensei.uy\/marcas\/1-ex-federacion-de-obreros-de-la-industria-del-vidrio-foiv\/marca_foiv-_tabare_vazquez_y_eduardo_platero_dsc05364\/#main\" data-original-link=\"https:\/\/www.memoria.org.uy\/marcas\/wp-content\/uploads\/2021\/07\/marca_foiv._tabare_vazquez_y_eduardo_platero_dsc05364.jpg\" class=\"wp-block-getwid-images-slider__image wp-image-486\" srcset=\"https:\/\/www.memoria.org.uy\/marcas\/wp-content\/uploads\/2021\/07\/marca_foiv._tabare_vazquez_y_eduardo_platero_dsc05364.jpg 600w, https:\/\/www.memoria.org.uy\/marcas\/wp-content\/uploads\/2021\/07\/marca_foiv._tabare_vazquez_y_eduardo_platero_dsc05364-300x225.jpg 300w\" sizes=\"auto, (max-width: 600px) 100vw, 600px\" \/><figcaption class=\"wp-block-getwid-images-slider__caption\">Tabar\u00e9 V\u00e1zquez y Eduardo Platero<\/figcaption><\/figure><\/div><div class=\"wp-block-getwid-images-slider__item\"><figure><img loading=\"lazy\" decoding=\"async\" width=\"600\" height=\"450\" src=\"https:\/\/www.memoria.org.uy\/marcas\/wp-content\/uploads\/2021\/07\/marca_foiv_dsc05378.jpg\" data-id=\"482\" data-link=\"https:\/\/sensei.uy\/marcas\/1-ex-federacion-de-obreros-de-la-industria-del-vidrio-foiv\/marca_foiv_dsc05378\/#main\" data-original-link=\"https:\/\/www.memoria.org.uy\/marcas\/wp-content\/uploads\/2021\/07\/marca_foiv_dsc05378.jpg\" class=\"wp-block-getwid-images-slider__image wp-image-482\" srcset=\"https:\/\/www.memoria.org.uy\/marcas\/wp-content\/uploads\/2021\/07\/marca_foiv_dsc05378.jpg 600w, https:\/\/www.memoria.org.uy\/marcas\/wp-content\/uploads\/2021\/07\/marca_foiv_dsc05378-300x225.jpg 300w\" sizes=\"auto, (max-width: 600px) 100vw, 600px\" \/><\/figure><\/div><div class=\"wp-block-getwid-images-slider__item\"><figure><img loading=\"lazy\" decoding=\"async\" width=\"600\" height=\"450\" src=\"https:\/\/www.memoria.org.uy\/marcas\/wp-content\/uploads\/2021\/07\/marca_foiv_dsc05385.jpg\" data-id=\"481\" data-link=\"https:\/\/sensei.uy\/marcas\/1-ex-federacion-de-obreros-de-la-industria-del-vidrio-foiv\/marca_foiv_dsc05385\/#main\" data-original-link=\"https:\/\/www.memoria.org.uy\/marcas\/wp-content\/uploads\/2021\/07\/marca_foiv_dsc05385.jpg\" class=\"wp-block-getwid-images-slider__image wp-image-481\" srcset=\"https:\/\/www.memoria.org.uy\/marcas\/wp-content\/uploads\/2021\/07\/marca_foiv_dsc05385.jpg 600w, https:\/\/www.memoria.org.uy\/marcas\/wp-content\/uploads\/2021\/07\/marca_foiv_dsc05385-300x225.jpg 300w\" sizes=\"auto, (max-width: 600px) 100vw, 600px\" \/><\/figure><\/div><div class=\"wp-block-getwid-images-slider__item\"><figure><img loading=\"lazy\" decoding=\"async\" width=\"850\" height=\"565\" src=\"https:\/\/www.memoria.org.uy\/marcas\/wp-content\/uploads\/2021\/07\/tapa__20131031nc_011_1200w.jpg\" data-id=\"502\" data-link=\"https:\/\/sensei.uy\/marcas\/1-ex-federacion-de-obreros-de-la-industria-del-vidrio-foiv\/tapa__20131031nc_011_1200w\/#main\" data-original-link=\"https:\/\/www.memoria.org.uy\/marcas\/wp-content\/uploads\/2021\/07\/tapa__20131031nc_011_1200w.jpg\" class=\"wp-block-getwid-images-slider__image wp-image-502\" srcset=\"https:\/\/www.memoria.org.uy\/marcas\/wp-content\/uploads\/2021\/07\/tapa__20131031nc_011_1200w.jpg 850w, https:\/\/www.memoria.org.uy\/marcas\/wp-content\/uploads\/2021\/07\/tapa__20131031nc_011_1200w-300x199.jpg 300w, https:\/\/www.memoria.org.uy\/marcas\/wp-content\/uploads\/2021\/07\/tapa__20131031nc_011_1200w-768x510.jpg 768w\" sizes=\"auto, (max-width: 850px) 100vw, 850px\" \/><figcaption class=\"wp-block-getwid-images-slider__caption\">Luis Iguini, ayer, durante el acto de instalaci\u00f3n de la Marca de la Resistencia en la Federaci\u00f3n del Vidrio.  Foto: Nicol\u00e1s Celaya<\/figcaption><\/figure><\/div><div class=\"wp-block-getwid-images-slider__item\"><figure><img loading=\"lazy\" decoding=\"async\" width=\"850\" height=\"565\" src=\"https:\/\/www.memoria.org.uy\/marcas\/wp-content\/uploads\/2021\/07\/p2f1__20131031nc_044_1200w.jpg\" data-id=\"503\" data-link=\"https:\/\/sensei.uy\/marcas\/1-ex-federacion-de-obreros-de-la-industria-del-vidrio-foiv\/p2f1__20131031nc_044_1200w\/#main\" data-original-link=\"https:\/\/www.memoria.org.uy\/marcas\/wp-content\/uploads\/2021\/07\/p2f1__20131031nc_044_1200w.jpg\" class=\"wp-block-getwid-images-slider__image wp-image-503\" srcset=\"https:\/\/www.memoria.org.uy\/marcas\/wp-content\/uploads\/2021\/07\/p2f1__20131031nc_044_1200w.jpg 850w, https:\/\/www.memoria.org.uy\/marcas\/wp-content\/uploads\/2021\/07\/p2f1__20131031nc_044_1200w-300x199.jpg 300w, https:\/\/www.memoria.org.uy\/marcas\/wp-content\/uploads\/2021\/07\/p2f1__20131031nc_044_1200w-768x510.jpg 768w\" sizes=\"auto, (max-width: 850px) 100vw, 850px\" \/><figcaption class=\"wp-block-getwid-images-slider__caption\">Intendenta de Montevideo Ana Olivera<\/figcaption><\/figure><\/div><div class=\"wp-block-getwid-images-slider__item\"><figure><img loading=\"lazy\" decoding=\"async\" width=\"600\" height=\"450\" src=\"https:\/\/www.memoria.org.uy\/marcas\/wp-content\/uploads\/2021\/07\/marca_foiv._antonia_yanez_dsc05380.jpg\" data-id=\"490\" data-link=\"https:\/\/sensei.uy\/marcas\/1-ex-federacion-de-obreros-de-la-industria-del-vidrio-foiv\/marca_foiv-_antonia_yanez_dsc05380\/#main\" data-original-link=\"https:\/\/www.memoria.org.uy\/marcas\/wp-content\/uploads\/2021\/07\/marca_foiv._antonia_yanez_dsc05380.jpg\" class=\"wp-block-getwid-images-slider__image wp-image-490\" srcset=\"https:\/\/www.memoria.org.uy\/marcas\/wp-content\/uploads\/2021\/07\/marca_foiv._antonia_yanez_dsc05380.jpg 600w, https:\/\/www.memoria.org.uy\/marcas\/wp-content\/uploads\/2021\/07\/marca_foiv._antonia_yanez_dsc05380-300x225.jpg 300w\" sizes=\"auto, (max-width: 600px) 100vw, 600px\" \/><figcaption class=\"wp-block-getwid-images-slider__caption\">Antonia Y\u00e1\u00f1ez<\/figcaption><\/figure><\/div><div class=\"wp-block-getwid-images-slider__item\"><figure><img loading=\"lazy\" decoding=\"async\" width=\"600\" height=\"450\" src=\"https:\/\/www.memoria.org.uy\/marcas\/wp-content\/uploads\/2021\/07\/marca_foiv._aurelio_gonzalez_dsc05388.jpg\" data-id=\"489\" data-link=\"https:\/\/sensei.uy\/marcas\/1-ex-federacion-de-obreros-de-la-industria-del-vidrio-foiv\/marca_foiv-_aurelio_gonzalez_dsc05388\/#main\" data-original-link=\"https:\/\/www.memoria.org.uy\/marcas\/wp-content\/uploads\/2021\/07\/marca_foiv._aurelio_gonzalez_dsc05388.jpg\" class=\"wp-block-getwid-images-slider__image wp-image-489\" srcset=\"https:\/\/www.memoria.org.uy\/marcas\/wp-content\/uploads\/2021\/07\/marca_foiv._aurelio_gonzalez_dsc05388.jpg 600w, https:\/\/www.memoria.org.uy\/marcas\/wp-content\/uploads\/2021\/07\/marca_foiv._aurelio_gonzalez_dsc05388-300x225.jpg 300w\" sizes=\"auto, (max-width: 600px) 100vw, 600px\" \/><figcaption class=\"wp-block-getwid-images-slider__caption\">Aurelio Gonz\u00e1lez<\/figcaption><\/figure><\/div><div class=\"wp-block-getwid-images-slider__item\"><figure><img loading=\"lazy\" decoding=\"async\" width=\"600\" height=\"450\" src=\"https:\/\/www.memoria.org.uy\/marcas\/wp-content\/uploads\/2021\/07\/marca_foiv._diablos_verdes_y_el_octeto_dsc05437.jpg\" data-id=\"488\" data-link=\"https:\/\/sensei.uy\/marcas\/1-ex-federacion-de-obreros-de-la-industria-del-vidrio-foiv\/marca_foiv-_diablos_verdes_y_el_octeto_dsc05437\/#main\" data-original-link=\"https:\/\/www.memoria.org.uy\/marcas\/wp-content\/uploads\/2021\/07\/marca_foiv._diablos_verdes_y_el_octeto_dsc05437.jpg\" class=\"wp-block-getwid-images-slider__image wp-image-488\" srcset=\"https:\/\/www.memoria.org.uy\/marcas\/wp-content\/uploads\/2021\/07\/marca_foiv._diablos_verdes_y_el_octeto_dsc05437.jpg 600w, https:\/\/www.memoria.org.uy\/marcas\/wp-content\/uploads\/2021\/07\/marca_foiv._diablos_verdes_y_el_octeto_dsc05437-300x225.jpg 300w\" sizes=\"auto, (max-width: 600px) 100vw, 600px\" \/><figcaption class=\"wp-block-getwid-images-slider__caption\">Murga \u00abDiablos Verdes\u00bb<\/figcaption><\/figure><\/div><div class=\"wp-block-getwid-images-slider__item\"><figure><img loading=\"lazy\" decoding=\"async\" width=\"600\" height=\"450\" src=\"https:\/\/www.memoria.org.uy\/marcas\/wp-content\/uploads\/2021\/07\/marca_foiv_dsc05386.jpg\" data-id=\"480\" data-link=\"https:\/\/sensei.uy\/marcas\/1-ex-federacion-de-obreros-de-la-industria-del-vidrio-foiv\/marca_foiv_dsc05386\/#main\" data-original-link=\"https:\/\/www.memoria.org.uy\/marcas\/wp-content\/uploads\/2021\/07\/marca_foiv_dsc05386.jpg\" class=\"wp-block-getwid-images-slider__image wp-image-480\" srcset=\"https:\/\/www.memoria.org.uy\/marcas\/wp-content\/uploads\/2021\/07\/marca_foiv_dsc05386.jpg 600w, https:\/\/www.memoria.org.uy\/marcas\/wp-content\/uploads\/2021\/07\/marca_foiv_dsc05386-300x225.jpg 300w\" sizes=\"auto, (max-width: 600px) 100vw, 600px\" \/><\/figure><\/div><div class=\"wp-block-getwid-images-slider__item\"><figure><img loading=\"lazy\" decoding=\"async\" width=\"600\" height=\"450\" src=\"https:\/\/www.memoria.org.uy\/marcas\/wp-content\/uploads\/2021\/07\/marca_foiv_dsc05418.jpg\" data-id=\"479\" data-link=\"https:\/\/sensei.uy\/marcas\/1-ex-federacion-de-obreros-de-la-industria-del-vidrio-foiv\/marca_foiv_dsc05418\/#main\" data-original-link=\"https:\/\/www.memoria.org.uy\/marcas\/wp-content\/uploads\/2021\/07\/marca_foiv_dsc05418.jpg\" class=\"wp-block-getwid-images-slider__image wp-image-479\" srcset=\"https:\/\/www.memoria.org.uy\/marcas\/wp-content\/uploads\/2021\/07\/marca_foiv_dsc05418.jpg 600w, https:\/\/www.memoria.org.uy\/marcas\/wp-content\/uploads\/2021\/07\/marca_foiv_dsc05418-300x225.jpg 300w\" sizes=\"auto, (max-width: 600px) 100vw, 600px\" \/><\/figure><\/div><div class=\"wp-block-getwid-images-slider__item\"><figure><img loading=\"lazy\" decoding=\"async\" width=\"600\" height=\"450\" src=\"https:\/\/www.memoria.org.uy\/marcas\/wp-content\/uploads\/2021\/07\/marca_foiv._fachada_de_la_casa_dsc05367.jpg\" data-id=\"487\" data-link=\"https:\/\/sensei.uy\/marcas\/1-ex-federacion-de-obreros-de-la-industria-del-vidrio-foiv\/marca_foiv-_fachada_de_la_casa_dsc05367\/#main\" data-original-link=\"https:\/\/www.memoria.org.uy\/marcas\/wp-content\/uploads\/2021\/07\/marca_foiv._fachada_de_la_casa_dsc05367.jpg\" class=\"wp-block-getwid-images-slider__image wp-image-487\" srcset=\"https:\/\/www.memoria.org.uy\/marcas\/wp-content\/uploads\/2021\/07\/marca_foiv._fachada_de_la_casa_dsc05367.jpg 600w, https:\/\/www.memoria.org.uy\/marcas\/wp-content\/uploads\/2021\/07\/marca_foiv._fachada_de_la_casa_dsc05367-300x225.jpg 300w\" sizes=\"auto, (max-width: 600px) 100vw, 600px\" \/><figcaption class=\"wp-block-getwid-images-slider__caption\">Fachada de la sede de la FOIV<\/figcaption><\/figure><\/div><div class=\"wp-block-getwid-images-slider__item\"><figure><img loading=\"lazy\" decoding=\"async\" width=\"600\" height=\"450\" src=\"https:\/\/www.memoria.org.uy\/marcas\/wp-content\/uploads\/2021\/07\/marca_foiv_dsc05360.jpg\" data-id=\"483\" data-link=\"https:\/\/sensei.uy\/marcas\/1-ex-federacion-de-obreros-de-la-industria-del-vidrio-foiv\/marca_foiv_dsc05360\/#main\" data-original-link=\"https:\/\/www.memoria.org.uy\/marcas\/wp-content\/uploads\/2021\/07\/marca_foiv_dsc05360.jpg\" class=\"wp-block-getwid-images-slider__image wp-image-483\" srcset=\"https:\/\/www.memoria.org.uy\/marcas\/wp-content\/uploads\/2021\/07\/marca_foiv_dsc05360.jpg 600w, https:\/\/www.memoria.org.uy\/marcas\/wp-content\/uploads\/2021\/07\/marca_foiv_dsc05360-300x225.jpg 300w\" sizes=\"auto, (max-width: 600px) 100vw, 600px\" \/><figcaption class=\"wp-block-getwid-images-slider__caption\">Marca de la Memoria FOIV<\/figcaption><\/figure><\/div><div class=\"wp-block-getwid-images-slider__item\"><figure><img loading=\"lazy\" decoding=\"async\" width=\"600\" height=\"450\" src=\"https:\/\/www.memoria.org.uy\/marcas\/wp-content\/uploads\/2021\/07\/marca_foiv_dsc05357.jpg\" data-id=\"484\" data-link=\"https:\/\/sensei.uy\/marcas\/1-ex-federacion-de-obreros-de-la-industria-del-vidrio-foiv\/marca_foiv_dsc05357\/#main\" data-original-link=\"https:\/\/www.memoria.org.uy\/marcas\/wp-content\/uploads\/2021\/07\/marca_foiv_dsc05357.jpg\" class=\"wp-block-getwid-images-slider__image wp-image-484\" srcset=\"https:\/\/www.memoria.org.uy\/marcas\/wp-content\/uploads\/2021\/07\/marca_foiv_dsc05357.jpg 600w, https:\/\/www.memoria.org.uy\/marcas\/wp-content\/uploads\/2021\/07\/marca_foiv_dsc05357-300x225.jpg 300w\" sizes=\"auto, (max-width: 600px) 100vw, 600px\" \/><figcaption class=\"wp-block-getwid-images-slider__caption\">Marca de la Memoria FOIV<\/figcaption><\/figure><\/div><div class=\"wp-block-getwid-images-slider__item\"><figure><img loading=\"lazy\" decoding=\"async\" width=\"600\" height=\"450\" src=\"https:\/\/www.memoria.org.uy\/marcas\/wp-content\/uploads\/2021\/07\/marca_02_invitacion_v1.jpg\" data-id=\"485\" data-link=\"https:\/\/sensei.uy\/marcas\/1-ex-federacion-de-obreros-de-la-industria-del-vidrio-foiv\/marca_02_invitacion_v1\/#main\" data-original-link=\"https:\/\/www.memoria.org.uy\/marcas\/wp-content\/uploads\/2021\/07\/marca_02_invitacion_v1.jpg\" class=\"wp-block-getwid-images-slider__image wp-image-485\" srcset=\"https:\/\/www.memoria.org.uy\/marcas\/wp-content\/uploads\/2021\/07\/marca_02_invitacion_v1.jpg 600w, https:\/\/www.memoria.org.uy\/marcas\/wp-content\/uploads\/2021\/07\/marca_02_invitacion_v1-300x225.jpg 300w\" sizes=\"auto, (max-width: 600px) 100vw, 600px\" \/><figcaption class=\"wp-block-getwid-images-slider__caption\">Invitaci\u00f3n a la inauguraci\u00f3n de la Marca de la Memoria de la FOIV.<\/figcaption><\/figure><\/div><\/div><\/div>\n\n\n\n<p id=\"page-title\"><a rel=\"noreferrer noopener\" href=\"https:\/\/mume.montevideo.gub.uy\/actividades\/actividades-anteriores\/2013\/marcas-de-la-resistencia\" data-type=\"URL\" data-id=\"https:\/\/mume.montevideo.gub.uy\/actividades\/actividades-anteriores\/2013\/marcas-de-la-resistencia\" target=\"_blank\">MARCAS DE LA RESISTENCIA. Enlace Museo de la Memoria<\/a>.<\/p>\n\n\n\n<p><a href=\"https:\/\/ladiaria.com.uy\/politica\/articulo\/2013\/11\/imborrable\/\" data-type=\"URL\" data-id=\"https:\/\/ladiaria.com.uy\/politica\/articulo\/2013\/11\/imborrable\/\" target=\"_blank\" rel=\"noreferrer noopener\">Imborrable<\/a>. La Diaria. 1 de noviembre de 2013.<\/p>\n<\/div><\/div>\n\n\n\n<div class=\"wp-block-kadence-column inner-column-2 kadence-column_6549fe-6a\"><div class=\"kt-inside-inner-col\">\n<p>31 de octubre de 2013, 18 hs. FOIV.<\/p>\n\n\n\n<p><strong>En el a\u00f1o 2005 se cre\u00f3 la Asociaci\u00f3n&nbsp; \u201cMemoria de la Resistencia 1973-1985\u201d con la finalidad de trabajar desde la sociedad civil sobre la recuperaci\u00f3n de la memoria del pasado reciente y la resistencia a la dictadura c\u00edvico militar.<\/strong><br><br>La resistencia a la dictadura la llev\u00f3 adelante la mayor\u00eda del pueblo uruguayo y comprendi\u00f3 desde&nbsp; reacciones espont\u00e1neas hasta formas organizadas de lucha clandestina. De todo esto tiene que dar cuenta la ciudad.<br><br>Se conform\u00f3 as\u00ed, el&nbsp; proyecto \u201c Marcas de la Resistencia\u00bb con el apoyo del Instituto de Dise\u00f1o de&nbsp;&nbsp; la&nbsp; Facultad de Arquitectura de la Udelar. El programa fue desarrollado por su Instituto de Dise\u00f1o y Comunicaci\u00f3n Visual,&nbsp; creando un sistema territorial de marcas-lugares&nbsp; en algunos&nbsp;&nbsp; sitios donde se desarrollaron acciones de resistencia popular.<br><br>Hemos contado con el apoyo del PIT-CNT, del Instituto Cuesta Duarte, y con la aprobaci\u00f3n un\u00e1nime de la Junta Departamental de Montevideo, Tambi\u00e9n con el aporte&nbsp; del Ministerio&nbsp; Transporte y Obras P\u00fablicas. Finalmente, mediante convenio de la Asociaci\u00f3n con&nbsp; la Intendencia Municipal de Montevideo, se est\u00e1 llevando&nbsp; adelante su&nbsp; instalaci\u00f3n y posterior&nbsp;&nbsp; mantenimiento.<br><br>Los 26 lugares aprobados se reconocer\u00e1n&nbsp; a trav\u00e9s de asientos-esfera&nbsp; como objeto-s\u00edmbolo,&nbsp; acompa\u00f1ados de una&nbsp; placa circular que contiene la informaci\u00f3n del lugar de la resistencia. La&nbsp; luminaria y est\u00e1tica de comunicaci\u00f3n&nbsp; en el territorio de la ciudad&nbsp; har\u00e1n que estas huellas de la memoria sean soporte material de los sentidos, los afectos y las vivencias.<br><br>El proyecto se fortalece&nbsp; en el marco de un sistema comunicacional&nbsp; permanente para la construcci\u00f3n&nbsp; de la memoria individual y colectiva. En este sentido la informaci\u00f3n de la p\u00e1gina web, los materiales impresos&nbsp; y sobre todo la apropiaci\u00f3n por parte de los colectivos se\u00f1alados, har\u00e1n de estos sitios lugares&nbsp; vivos y se&nbsp; integrar\u00e1n al proyecto nuevas marcas de la memoria.<br><br>El pasado 25 de setiembre se celebr\u00f3 la instalaci\u00f3n de la primera marca frente a la entrada del Estadio Luis Franzini, recordando la llegada de la&nbsp; \u201cMarcha del Estudiante\u201d realizada el 25 de setiembre de 1983,&nbsp; al finalizar la semana del estudiante. Miles de j\u00f3venes encontraron la forma de expresarse&nbsp; y aportar a la&nbsp; salida democr\u00e1tica despu\u00e9s de tantos a\u00f1os de terrorismo de Estado.<br><br>El jueves 31 de Octubre a las 18 h, los invitamos a formar parte de la instalaci\u00f3n de la marca en la Ex Federaci\u00f3n de Obreros de la Industria del Vidrio \u2013FOIV- (Laureles 642). All\u00ed, se recuerda.&nbsp; la noche del 27 de junio de 1973 cuando se reuni\u00f3 el secretariado de la Convenci\u00f3n Nacional de Trabajadores (CNT) presidido por Jos\u00e9 \u201cPepe\u201d D\u00b0Elia decidiendo enfrentar con la huelga general y la ocupaci\u00f3n de los lugares de trabajo, el golpe de estado y la instalaci\u00f3n de la dictadura c\u00edvico-militar.<br><br>Este lugar emblem\u00e1tico que recuerda la firme decisi\u00f3n popular, cierra la instalaci\u00f3n del primer grupo que abarca&nbsp; el Estadio Franzini, la Plaza Fabini, Cx30 La Radio y Cinemateca Uruguaya de quince marcas que se instalar\u00e1n hasta fin de a\u00f1o y a las que se sumar\u00e1n las once restantes a instalar entre marzo -abril del 2014.<br><br><br><strong>Asociaci\u00f3n&nbsp; \u201cMemoria de la Resistencia 1973-1985\u201d<\/strong><\/p>\n\n\n\n<p>  <\/p>\n<\/div><\/div>\n<\/div><\/div><\/div>\n\n\n\n<hr class=\"wp-block-separator has-text-color has-background has-black-background-color has-black-color is-style-wide\"\/>\n\n\n\n<h2 class=\"wp-block-heading\" id=\"medios-e1ccef96-a234-4cba-9715-9a830e8bfffb\">MEDIOS<\/h2>\n\n\n\n<p>Enlaces a publicaciones en medios audiovisuales<\/p>\n\n\n\n<p><a href=\"https:\/\/agu.udelar.edu.uy\/ante-un-nuevo-aniversario-del-golpe-de-estado-presentamos-huelga-general-de-ferruccio-musitelli\/\" data-type=\"URL\" data-id=\"https:\/\/agu.udelar.edu.uy\/ante-un-nuevo-aniversario-del-golpe-de-estado-presentamos-huelga-general-de-ferruccio-musitelli\/\">\u201cHuelga general\u201d de Ferruccio Musitelli<\/a><\/p>\n\n\n\n<p><a href=\"https:\/\/cdf.montevideo.gub.uy\/exposicion\/huelga-general-de-1973-de-aurelio-gonzalez-uy\" data-type=\"URL\" data-id=\"https:\/\/cdf.montevideo.gub.uy\/exposicion\/huelga-general-de-1973-de-aurelio-gonzalez-uy\">\u00abHuelga General de 1973\u00bb de Aurelio G\u00f3nzalez (UY)<\/a><\/p>\n\n\n\n<p> <a rel=\"noreferrer noopener\" href=\"https:\/\/www.youtube.com\/watch?v=bdkP8ekgQ50\" data-type=\"URL\" data-id=\"https:\/\/www.youtube.com\/watch?v=bdkP8ekgQ50\" target=\"_blank\"><strong>\u00abPara no olvidar\u00bb<\/strong><br><\/a>Una recopilaci\u00f3n de testimonios de referentes pol\u00edticos y sociales, sobre la Huelga General del 73 y el golpe de Estado. <\/p>\n\n\n\n<hr class=\"wp-block-separator has-text-color has-background has-black-background-color has-black-color is-style-wide\"\/>\n\n\n\n<h2 class=\"wp-block-heading\" id=\"entrevistas-7549a4a6-50f3-4b88-af42-e4d8e11388d6\">ENTREVISTAS<\/h2>\n\n\n\n<p> Enlaces a entrevistas<\/p>\n\n\n\n<hr class=\"wp-block-separator has-text-color has-background has-black-background-color has-black-color is-style-wide\"\/>\n\n\n\n<h2 class=\"wp-block-heading\" id=\"prensa-bf0866e5-1545-462a-9a84-a1e9588f73ca\">PRENSA<\/h2>\n\n\n\n<p>Enlaces a publicaciones de prensa<\/p>\n\n\n\n<hr class=\"wp-block-separator has-text-color has-background has-black-background-color has-black-color is-style-wide\"\/>\n\n\n\n<h2 class=\"wp-block-heading\" id=\"publicaciones-5efd2e9a-bf03-44de-923a-b660fe1d8d82\">PUBLICACIONES<\/h2>\n\n\n\n<p>Enlaces a publicaciones impresas, en pdf o formato de distribuci\u00f3n de otro tipo.<\/p>\n\n\n\n<p><\/p>\n\n\n\n<hr class=\"wp-block-separator has-text-color has-background has-black-background-color has-black-color is-style-wide\"\/>\n\n\n\n<h2 class=\"wp-block-heading\" id=\"enlaces-71ce6fa2-cd0f-4666-8ec7-a33141cd936d\">ENLACES<\/h2>\n\n\n\n<p> Enlaces a publicaciones en sitios web <\/p>\n\n\n\n<p><a href=\"https:\/\/www.pitcnt.uy\/novedades\/noticias\/item\/2663-la-huelga-que-marco-la-historia\" data-type=\"URL\" data-id=\"https:\/\/www.pitcnt.uy\/novedades\/noticias\/item\/2663-la-huelga-que-marco-la-historia\">La huelga que marc\u00f3 la historia<\/a><\/p>\n<style class=\"advgb-styles-renderer\">#kt-layout-id_f3d9eb-9c{margin-bottom:0px;}#kt-layout-id_f3d9eb-9c > .kt-row-column-wrap{align-content:start;}:where(#kt-layout-id_f3d9eb-9c > .kt-row-column-wrap) > .wp-block-kadence-column{justify-content:start;}#kt-layout-id_f3d9eb-9c > .kt-row-column-wrap{column-gap:var(--global-kb-gap-md, 2rem);row-gap:var(--global-kb-gap-md, 2rem);padding-top:var( --global-kb-row-default-top, 25px );padding-bottom:var( --global-kb-row-default-bottom, 25px );padding-top:var(--global-kb-spacing-sm, 1.5rem);padding-bottom:var(--global-kb-spacing-sm, 1.5rem);grid-template-columns:repeat(2, minmax(0, 1fr));}#kt-layout-id_f3d9eb-9c{background-color:rgba(155,81,224,0.19);}#kt-layout-id_f3d9eb-9c > .kt-row-layout-overlay{opacity:0.30;}@media all and (max-width: 1024px){#kt-layout-id_f3d9eb-9c > .kt-row-column-wrap{grid-template-columns:repeat(2, minmax(0, 1fr));}}@media all and (max-width: 767px){#kt-layout-id_f3d9eb-9c > .kt-row-column-wrap{grid-template-columns:minmax(0, 1fr);}}.kadence-column_891c75-e7 > .kt-inside-inner-col{border-top-width:0px;border-right-width:0px;border-bottom-width:0px;border-left-width:0px;}.kadence-column_891c75-e7 > .kt-inside-inner-col,.kadence-column_891c75-e7 > .kt-inside-inner-col:before{border-top-left-radius:0px;border-top-right-radius:0px;border-bottom-right-radius:0px;border-bottom-left-radius:0px;}.kadence-column_891c75-e7 > .kt-inside-inner-col{column-gap:var(--global-kb-gap-sm, 1rem);}.kadence-column_891c75-e7 > .kt-inside-inner-col{flex-direction:column;}.kadence-column_891c75-e7 > .kt-inside-inner-col > .aligncenter{width:100%;}.kadence-column_891c75-e7 > .kt-inside-inner-col:before{opacity:0.3;}.kadence-column_891c75-e7{position:relative;}@media all and (max-width: 1024px){.kadence-column_891c75-e7 > .kt-inside-inner-col{flex-direction:column;}}@media all and (max-width: 767px){.kadence-column_891c75-e7 > .kt-inside-inner-col{flex-direction:column;}}.kadence-column_6549fe-6a > .kt-inside-inner-col{border-top-width:0px;border-right-width:0px;border-bottom-width:0px;border-left-width:0px;}.kadence-column_6549fe-6a > .kt-inside-inner-col,.kadence-column_6549fe-6a > .kt-inside-inner-col:before{border-top-left-radius:0px;border-top-right-radius:0px;border-bottom-right-radius:0px;border-bottom-left-radius:0px;}.kadence-column_6549fe-6a > .kt-inside-inner-col{column-gap:var(--global-kb-gap-sm, 1rem);}.kadence-column_6549fe-6a > .kt-inside-inner-col{flex-direction:column;}.kadence-column_6549fe-6a > .kt-inside-inner-col > .aligncenter{width:100%;}.kadence-column_6549fe-6a > .kt-inside-inner-col:before{opacity:0.3;}.kadence-column_6549fe-6a{position:relative;}@media all and (max-width: 1024px){.kadence-column_6549fe-6a > .kt-inside-inner-col{flex-direction:column;}}@media all and (max-width: 767px){.kadence-column_6549fe-6a > .kt-inside-inner-col{flex-direction:column;}}<\/style>","protected":false},"excerpt":{"rendered":"<p>En la noche del 27 de junio de 1973 se reuni\u00f3 en este local de la Federaci\u00f3n del Vidrio el secretariado de la Convenci\u00f3n Nacional de Trabajadores (CNT) presidido por Jos\u00e9 \u201cPepe\u201d D\u2019El\u00eda y decidi\u00f3 enfrentar con la huelga general y la ocupaci\u00f3n de los lugares de trabajo la disoluci\u00f3n del Parlamento, el golpe de &#8230; <a title=\"1. Ex Federaci\u00f3n de Obreros de la Industria del Vidrio \u2013 FOIV\" class=\"read-more\" href=\"https:\/\/www.memoria.org.uy\/marcas\/1-ex-federacion-de-obreros-de-la-industria-del-vidrio-foiv\/\" aria-label=\"Leer m\u00e1s sobre 1. Ex Federaci\u00f3n de Obreros de la Industria del Vidrio \u2013 FOIV\">Leer m\u00e1s<\/a><\/p>\n","protected":false},"author":2,"featured_media":0,"parent":0,"menu_order":0,"comment_status":"closed","ping_status":"closed","template":"","meta":{"advgb_blocks_editor_width":"","advgb_blocks_columns_visual_guide":"","footnotes":""},"class_list":["post-402","page","type-page","status-publish"],"coauthors":[],"author_meta":{"author_link":"https:\/\/www.memoria.org.uy\/marcas\/author\/sensei\/","display_name":"sensei"},"relative_dates":{"created":"Publicado 5 a\u00f1os hace","modified":"Actualizado 5 a\u00f1os hace"},"absolute_dates":{"created":"Publicado el julio 28, 2021","modified":"Actualizado el julio 28, 2021"},"absolute_dates_time":{"created":"Publicado el julio 28, 2021 11:26 pm","modified":"Actualizado el julio 28, 2021 11:26 pm"},"featured_img_caption":"","featured_img":false,"series_order":"","_links":{"self":[{"href":"https:\/\/www.memoria.org.uy\/marcas\/wp-json\/wp\/v2\/pages\/402","targetHints":{"allow":["GET"]}}],"collection":[{"href":"https:\/\/www.memoria.org.uy\/marcas\/wp-json\/wp\/v2\/pages"}],"about":[{"href":"https:\/\/www.memoria.org.uy\/marcas\/wp-json\/wp\/v2\/types\/page"}],"author":[{"embeddable":true,"href":"https:\/\/www.memoria.org.uy\/marcas\/wp-json\/wp\/v2\/users\/2"}],"replies":[{"embeddable":true,"href":"https:\/\/www.memoria.org.uy\/marcas\/wp-json\/wp\/v2\/comments?post=402"}],"version-history":[{"count":0,"href":"https:\/\/www.memoria.org.uy\/marcas\/wp-json\/wp\/v2\/pages\/402\/revisions"}],"wp:attachment":[{"href":"https:\/\/www.memoria.org.uy\/marcas\/wp-json\/wp\/v2\/media?parent=402"}],"curies":[{"name":"wp","href":"https:\/\/api.w.org\/{rel}","templated":true}]}}