{"id":365,"date":"2021-07-28T15:37:52","date_gmt":"2021-07-28T15:37:52","guid":{"rendered":"https:\/\/sensei.uy\/marcas\/?page_id=365"},"modified":"2021-07-28T15:37:52","modified_gmt":"2021-07-28T15:37:52","slug":"8-obelisco-de-los-constituyentes","status":"publish","type":"page","link":"https:\/\/www.memoria.org.uy\/marcas\/8-obelisco-de-los-constituyentes\/","title":{"rendered":"8. Obelisco de los Constituyentes de 1830."},"content":{"rendered":"\n<h4 class=\"wp-block-heading\">Bulevar Artigas y Avenida 18 de Julio, Parque de Los Aliados, Montevideo.<\/h4>\n\n\n\n<div class=\"wp-block-media-text alignwide is-stacked-on-mobile has-background\" style=\"background-color:#f2eff5;grid-template-columns:48% auto\"><figure class=\"wp-block-media-text__media\"><img loading=\"lazy\" decoding=\"async\" width=\"239\" height=\"147\" src=\"https:\/\/www.memoria.org.uy\/marcas\/wp-content\/uploads\/2021\/07\/obelisco_3.jpg\" alt=\"\" class=\"wp-image-371 size-full\"\/><\/figure><div class=\"wp-block-media-text__content\">\n<p>En los alrededores de este Obelisco de los Constituyentes se realiz\u00f3 una multitudinaria concentraci\u00f3n de 500.000 ciudadanos, el 27 de noviembre de 1983 en reclamo de Libertad, Democracia y Trabajo y el actor Alberto Candeau, de la Comedia Nacional, ley\u00f3 la proclama \u201cPor un Uruguay Democr\u00e1tico sin exclusiones\u201d.&nbsp;<\/p>\n<\/div><\/div>\n\n\n\n<hr class=\"wp-block-separator has-text-color has-background has-black-background-color has-black-color is-style-wide\"\/>\n\n\n\n<h2 class=\"wp-block-heading\" id=\"medios-e1ccef96-a234-4cba-9715-9a830e8bfffb\">INAUGURACI\u00d3N<\/h2>\n\n\n\n<div class=\"wp-block-kadence-rowlayout alignnone\"><div id=\"kt-layout-id_8f25e6-59\" class=\"kt-row-layout-inner kt-row-has-bg kt-layout-id_8f25e6-59\"><div class=\"kt-row-column-wrap kt-has-2-columns kt-gutter-default kt-v-gutter-default kt-row-valign-top kt-row-layout-equal kt-tab-layout-inherit kt-m-colapse-left-to-right kt-mobile-layout-row\">\n<div class=\"wp-block-kadence-column inner-column-1 kadence-column_e2d707-8d\"><div class=\"kt-inside-inner-col\">\n<div class=\"wp-block-getwid-images-slider has-arrows-inside has-dots-inside has-images-center has-cropped-images\"><div class=\"wp-block-getwid-images-slider__wrapper\" data-effect=\"slide\" data-slides-show=\"1\" data-slides-show-laptop=\"1\" data-slides-show-tablet=\"1\" data-slides-show-mobile=\"1\" data-slides-scroll=\"1\" data-autoplay=\"false\" data-autoplay-speed=\"6000\" data-infinite=\"true\" data-animation-speed=\"800\" data-center-mode=\"false\" data-variable-width=\"false\" data-arrows=\"inside\" data-dots=\"inside\" data-spacing=\"none\"><div class=\"wp-block-getwid-images-slider__item\"><figure><img loading=\"lazy\" decoding=\"async\" width=\"700\" height=\"410\" src=\"https:\/\/www.memoria.org.uy\/marcas\/wp-content\/uploads\/2021\/07\/178.jpg\" data-id=\"463\" data-link=\"https:\/\/sensei.uy\/marcas\/8-obelisco-de-los-constituyentes\/attachment\/178\/#main\" data-original-link=\"https:\/\/www.memoria.org.uy\/marcas\/wp-content\/uploads\/2021\/07\/178.jpg\" class=\"wp-block-getwid-images-slider__image wp-image-463\" srcset=\"https:\/\/www.memoria.org.uy\/marcas\/wp-content\/uploads\/2021\/07\/178.jpg 700w, https:\/\/www.memoria.org.uy\/marcas\/wp-content\/uploads\/2021\/07\/178-300x176.jpg 300w\" sizes=\"auto, (max-width: 700px) 100vw, 700px\" \/><\/figure><\/div><div class=\"wp-block-getwid-images-slider__item\"><figure><img loading=\"lazy\" decoding=\"async\" width=\"700\" height=\"410\" src=\"https:\/\/www.memoria.org.uy\/marcas\/wp-content\/uploads\/2021\/07\/166.jpg\" data-id=\"464\" data-link=\"https:\/\/sensei.uy\/marcas\/8-obelisco-de-los-constituyentes\/attachment\/166\/#main\" data-original-link=\"https:\/\/www.memoria.org.uy\/marcas\/wp-content\/uploads\/2021\/07\/166.jpg\" class=\"wp-block-getwid-images-slider__image wp-image-464\" srcset=\"https:\/\/www.memoria.org.uy\/marcas\/wp-content\/uploads\/2021\/07\/166.jpg 700w, https:\/\/www.memoria.org.uy\/marcas\/wp-content\/uploads\/2021\/07\/166-300x176.jpg 300w\" sizes=\"auto, (max-width: 700px) 100vw, 700px\" \/><\/figure><\/div><div class=\"wp-block-getwid-images-slider__item\"><figure><img loading=\"lazy\" decoding=\"async\" width=\"700\" height=\"410\" src=\"https:\/\/www.memoria.org.uy\/marcas\/wp-content\/uploads\/2021\/07\/162.jpg\" data-id=\"465\" data-link=\"https:\/\/sensei.uy\/marcas\/8-obelisco-de-los-constituyentes\/attachment\/162\/#main\" data-original-link=\"https:\/\/www.memoria.org.uy\/marcas\/wp-content\/uploads\/2021\/07\/162.jpg\" class=\"wp-block-getwid-images-slider__image wp-image-465\" srcset=\"https:\/\/www.memoria.org.uy\/marcas\/wp-content\/uploads\/2021\/07\/162.jpg 700w, https:\/\/www.memoria.org.uy\/marcas\/wp-content\/uploads\/2021\/07\/162-300x176.jpg 300w\" sizes=\"auto, (max-width: 700px) 100vw, 700px\" \/><\/figure><\/div><div class=\"wp-block-getwid-images-slider__item\"><figure><img loading=\"lazy\" decoding=\"async\" width=\"700\" height=\"410\" src=\"https:\/\/www.memoria.org.uy\/marcas\/wp-content\/uploads\/2021\/07\/146.jpg\" data-id=\"466\" data-link=\"https:\/\/sensei.uy\/marcas\/8-obelisco-de-los-constituyentes\/attachment\/146\/#main\" data-original-link=\"https:\/\/www.memoria.org.uy\/marcas\/wp-content\/uploads\/2021\/07\/146.jpg\" class=\"wp-block-getwid-images-slider__image wp-image-466\" srcset=\"https:\/\/www.memoria.org.uy\/marcas\/wp-content\/uploads\/2021\/07\/146.jpg 700w, https:\/\/www.memoria.org.uy\/marcas\/wp-content\/uploads\/2021\/07\/146-300x176.jpg 300w\" sizes=\"auto, (max-width: 700px) 100vw, 700px\" \/><\/figure><\/div><div class=\"wp-block-getwid-images-slider__item\"><figure><img loading=\"lazy\" decoding=\"async\" width=\"700\" height=\"410\" src=\"https:\/\/www.memoria.org.uy\/marcas\/wp-content\/uploads\/2021\/07\/141_0.jpg\" data-id=\"467\" data-link=\"https:\/\/sensei.uy\/marcas\/8-obelisco-de-los-constituyentes\/141_0\/#main\" data-original-link=\"https:\/\/www.memoria.org.uy\/marcas\/wp-content\/uploads\/2021\/07\/141_0.jpg\" class=\"wp-block-getwid-images-slider__image wp-image-467\" srcset=\"https:\/\/www.memoria.org.uy\/marcas\/wp-content\/uploads\/2021\/07\/141_0.jpg 700w, https:\/\/www.memoria.org.uy\/marcas\/wp-content\/uploads\/2021\/07\/141_0-300x176.jpg 300w\" sizes=\"auto, (max-width: 700px) 100vw, 700px\" \/><\/figure><\/div><div class=\"wp-block-getwid-images-slider__item\"><figure><img loading=\"lazy\" decoding=\"async\" width=\"700\" height=\"410\" src=\"https:\/\/www.memoria.org.uy\/marcas\/wp-content\/uploads\/2021\/07\/133_0.jpg\" data-id=\"468\" data-link=\"https:\/\/sensei.uy\/marcas\/8-obelisco-de-los-constituyentes\/133_0\/#main\" data-original-link=\"https:\/\/www.memoria.org.uy\/marcas\/wp-content\/uploads\/2021\/07\/133_0.jpg\" class=\"wp-block-getwid-images-slider__image wp-image-468\" srcset=\"https:\/\/www.memoria.org.uy\/marcas\/wp-content\/uploads\/2021\/07\/133_0.jpg 700w, https:\/\/www.memoria.org.uy\/marcas\/wp-content\/uploads\/2021\/07\/133_0-300x176.jpg 300w\" sizes=\"auto, (max-width: 700px) 100vw, 700px\" \/><\/figure><\/div><div class=\"wp-block-getwid-images-slider__item\"><figure><img loading=\"lazy\" decoding=\"async\" width=\"700\" height=\"410\" src=\"https:\/\/www.memoria.org.uy\/marcas\/wp-content\/uploads\/2021\/07\/114.jpg\" data-id=\"469\" data-link=\"https:\/\/sensei.uy\/marcas\/8-obelisco-de-los-constituyentes\/attachment\/114\/#main\" data-original-link=\"https:\/\/www.memoria.org.uy\/marcas\/wp-content\/uploads\/2021\/07\/114.jpg\" class=\"wp-block-getwid-images-slider__image wp-image-469\" srcset=\"https:\/\/www.memoria.org.uy\/marcas\/wp-content\/uploads\/2021\/07\/114.jpg 700w, https:\/\/www.memoria.org.uy\/marcas\/wp-content\/uploads\/2021\/07\/114-300x176.jpg 300w\" sizes=\"auto, (max-width: 700px) 100vw, 700px\" \/><\/figure><\/div><div class=\"wp-block-getwid-images-slider__item\"><figure><img loading=\"lazy\" decoding=\"async\" width=\"700\" height=\"410\" src=\"https:\/\/www.memoria.org.uy\/marcas\/wp-content\/uploads\/2021\/07\/109.jpg\" data-id=\"470\" data-link=\"https:\/\/sensei.uy\/marcas\/8-obelisco-de-los-constituyentes\/attachment\/109\/#main\" data-original-link=\"https:\/\/www.memoria.org.uy\/marcas\/wp-content\/uploads\/2021\/07\/109.jpg\" class=\"wp-block-getwid-images-slider__image wp-image-470\" srcset=\"https:\/\/www.memoria.org.uy\/marcas\/wp-content\/uploads\/2021\/07\/109.jpg 700w, https:\/\/www.memoria.org.uy\/marcas\/wp-content\/uploads\/2021\/07\/109-300x176.jpg 300w\" sizes=\"auto, (max-width: 700px) 100vw, 700px\" \/><\/figure><\/div><\/div><\/div>\n<\/div><\/div>\n\n\n\n<div class=\"wp-block-kadence-column inner-column-2 kadence-column_f15d98-94\"><div class=\"kt-inside-inner-col\">\n<p>  29.11.2013 &#8211; 17:32. \u201cPor un Uruguay democr\u00e1tico sin exclusiones\u201d. Se cumplieron 30 a\u00f1os del acto del Obelisco contra la dictadura. En el acto de este mi\u00e9rcoles 27, se hizo presente el presidente de la Rep\u00fablica Jos\u00e9 Mujica y dem\u00e1s autoridades, entre ellas el alcalde del Municipio CH, Luis Luj\u00e1n.<br>En el Obelisco de los Constituyentes la Intendenta de Montevideo Ana Olivera coloc\u00f3 una nueva \u201cmarca\u201d de la resistencia contra la dictadura<br>Los oradores de la ceremonia fueron el presidente de la Junta Departamental de Montevideo, Miguel Vel\u00e1zquez, la presidenta de la organizaci\u00f3n \u201cMemoria de la Resistencia\u201d, Antonia Ya\u00f1ez, y la intendenta de Montevideo.&nbsp;<a rel=\"noreferrer noopener\" href=\"https:\/\/municipioch.montevideo.gub.uy\/comunicacion\/noticias\/por-un-uruguay-democratico-sin-exclusiones\" target=\"_blank\">Enlace Municipio Ch.<\/a>  <\/p>\n<\/div><\/div>\n<\/div><\/div><\/div>\n\n\n\n<hr class=\"wp-block-separator has-text-color has-background has-black-background-color has-black-color is-style-wide\"\/>\n\n\n\n<div class=\"wp-block-kadence-rowlayout alignnone\"><div id=\"kt-layout-id_fc14e1-bf\" class=\"kt-row-layout-inner kt-row-has-bg kt-layout-id_fc14e1-bf\"><div class=\"kt-row-column-wrap kt-has-2-columns kt-gutter-default kt-v-gutter-default kt-row-valign-top kt-row-layout-equal kt-tab-layout-inherit kt-m-colapse-left-to-right kt-mobile-layout-row\">\n<div class=\"wp-block-kadence-column inner-column-1 kadence-column_ac7b98-93\"><div class=\"kt-inside-inner-col\">\n<p> Discurso de Antonia Ya\u00f1ez en la inauguraci\u00f3n de la Marca de la memoria recordando el acto del Obelisco del 27 de noviembre de 1983. <\/p>\n<\/div><\/div>\n\n\n\n<div class=\"wp-block-kadence-column inner-column-2 kadence-column_253d78-e8\"><div class=\"kt-inside-inner-col\">\n<figure class=\"wp-block-embed is-type-video is-provider-youtube wp-block-embed-youtube wp-embed-aspect-16-9 wp-has-aspect-ratio\"><div class=\"wp-block-embed__wrapper\">\n<iframe loading=\"lazy\" title=\"Antonia Ya\u00f1ez - Memoria de la resistencia 1973-1985 - Obelisco a 30 a\u00f1os\" width=\"1200\" height=\"675\" src=\"https:\/\/www.youtube.com\/embed\/NuKZbHguT4M?feature=oembed\" frameborder=\"0\" allow=\"accelerometer; autoplay; clipboard-write; encrypted-media; gyroscope; picture-in-picture\" allowfullscreen><\/iframe>\n<\/div><\/figure>\n<\/div><\/div>\n<\/div><\/div><\/div>\n\n\n\n<hr class=\"wp-block-separator has-text-color has-background has-black-background-color has-black-color is-style-wide\"\/>\n\n\n\n<h2 class=\"wp-block-heading\" id=\"medios-e1ccef96-a234-4cba-9715-9a830e8bfffb\">MEDIOS<\/h2>\n\n\n\n<p>Enlaces a publicaciones en medios audiovisuales<\/p>\n\n\n\n<div class=\"wp-block-kadence-rowlayout alignnone\"><div id=\"kt-layout-id_c9069d-b7\" class=\"kt-row-layout-inner kt-row-has-bg kt-layout-id_c9069d-b7\"><div class=\"kt-row-column-wrap kt-has-2-columns kt-gutter-default kt-v-gutter-default kt-row-valign-top kt-row-layout-equal kt-tab-layout-inherit kt-m-colapse-left-to-right kt-mobile-layout-row\">\n<div class=\"wp-block-kadence-column inner-column-1 kadence-column_0ea4f1-8a\"><div class=\"kt-inside-inner-col\">\n<p> En el Obelisco, mirando hacia el Parque Batlle, se ubic\u00f3 un gigantesco estrado, de 20 metros de dimensi\u00f3n con la consigna central: \u00abPor un Uruguay Democr\u00e1tico y sin exclusiones\u00bb. El acto de Montevideo, con casi medio mill\u00f3n de participantes, fue el principal, pero no el \u00fanico; 10.000 personas se movilizaron en Salto, 3.000 en Artigas, 5.000 en Melo, entre 10.000 y 12.000 en Paysand\u00fa, 10.000 en Florida y se realizaron actos multitudinarios en Fray Bentos y Young. Se alternaron en la conducci\u00f3n del acto 9 locutores y la multitud ovacion\u00f3 las canciones que se emitieron, entre ellas de Alfredo Zitarroza y Los Olimare\u00f1os, que estaban prohibidos. Hubo un calor especial para el tema de Piero \u00abQue se vayan ellos\u00bb y el del grupo espa\u00f1ol Jarcha. La multitud core\u00f3 emocionada las estrofas que dicen \u00abLibertad, libertad, sin ira libertad, gu\u00e1rdate, tu miedo y tu ira, porque hay libertad, sin ira libertad\u00bb. Las pancartas fueron muchas. Se observaba una que dec\u00eda: \u00abAmnist\u00eda General Irrestricta para todos los presos pol\u00edticos\u00bb, firmada por las Madres de Procesados por la Justicia Militar; otras dec\u00edan: \u00abExiliados al Paisito\u00bb, \u00abAmnist\u00eda\u00bb, \u00abLibertad de Ense\u00f1anza\u00bb, \u00abLibertad de Agremiaci\u00f3n\u00bb, \u00abFuera yankees de Am\u00e9rica Latina\u00bb, \u00abEl Pueblo unido jam\u00e1s ser\u00e1 vencido\u00bb. En el estrado estuvieron presentes dirigentes de todos los partidos, entre otros: Julio Mar\u00eda Sanguinetti, Enrique Tarigo, Manuel Flores Silva y hasta Ulises Pereira Reverbell, del Partido Colorado; Alberto Zumar\u00e1n, Oscar L\u00f3pez Balestra, Gonzalo Aguirre, del Partido Nacional; Juan Vicente Chiarino y Juan Pedro Ciganda, de la Uni\u00f3n C\u00edvica; Jos\u00e9 Pedro Cardozo, Hugo Batalla y Juan Pablo Terra, del Frente Amplio proscripto. Especial destaque tuvieron la presencia de Lili Lerena, esposa del general L\u00edber Seregni, Elisa Dellepiane de Michelini, viuda de Zelmar Michelini, Matilde Rodr\u00edguez Larreta de Guti\u00e9rrez Ruiz, viuda de H\u00e9ctor Guti\u00e9rrez Ruiz y Marta Valentini, esposa del dirigente comunista preso Jos\u00e9 Luis Massera y ella misma ex presa pol\u00edtica. Tambi\u00e9n destac\u00f3, entre la presencia de los j\u00f3venes dirigentes sindicales nucleados en el PIT, la figura de Jos\u00e9 D\u00b4Elia presidente de la ilegal CNT. Luego del acto unas 20 mil personas marcharon por 18 de Julio al grito de \u00abSe va a acabar, se va a acabar la dictadura militar\u00bb, hasta la Plaza Libertad. La proclama, redactada en su versi\u00f3n final por Enrique Tarigo y Gonzalo Aguirre, fue le\u00edda por el primer actor de la Comedia Nacional, Alberto Candeau. Fue seguida con mucha emoci\u00f3n y ovacionada al final por los cientos de miles de asistentes.<\/p>\n<\/div><\/div>\n\n\n\n<div class=\"wp-block-kadence-column inner-column-2 kadence-column_6f8c92-eb\"><div class=\"kt-inside-inner-col\">\n<figure class=\"wp-block-embed is-type-video is-provider-youtube wp-block-embed-youtube wp-embed-aspect-4-3 wp-has-aspect-ratio\"><div class=\"wp-block-embed__wrapper\">\n<iframe loading=\"lazy\" title=\"Alberto Candeau lectura de la proclama -  A 30 a\u00f1os del Obelisco - 27 de noviembre de 1983\" width=\"1200\" height=\"900\" src=\"https:\/\/www.youtube.com\/embed\/ODdVAYG3aHc?feature=oembed\" frameborder=\"0\" allow=\"accelerometer; autoplay; clipboard-write; encrypted-media; gyroscope; picture-in-picture\" allowfullscreen><\/iframe>\n<\/div><figcaption>\u201cHemos venido a afirmar todos juntos y solemnemente nuestro compromiso irrenunciable, tras una d\u00e9cada de regresi\u00f3n y oscurantismo, de restituir a la naci\u00f3n su dignidad, al pa\u00eds su prestigio, a la Constituci\u00f3n su intangibilidad, a los partidos pol\u00edticos su papel insustituible, a los gobernantes la respetabilidad que s\u00f3lo emana de las urnas, a los gobernados su derecho a elegirlos, a cada ciudadano su condici\u00f3n de elector y elegible, a cada hogar su tranquilidad econ\u00f3mica y a cada uruguayo su derecho a ganar el pan con el sudor de su frente\u201d. La proclama concluy\u00f3 con un llamado: \u201cCompatriotas, proclamemos bien alto y todos juntos, para que nuestro grito rasgue el firmamento y resuene de un conf\u00edn a otro del terru\u00f1o, de modo que ning\u00fan sordo de esos que no quiere o\u00edr diga que no lo escuch\u00f3: \u00a1Viva la patria! \u00a1Viva la libertad! \u00a1Viva la Rep\u00fablica! \u00a1Viva la democracia!\u201d.<\/figcaption><\/figure>\n<\/div><\/div>\n<\/div><\/div><\/div>\n\n\n\n<hr class=\"wp-block-separator has-text-color has-background has-black-background-color has-black-color is-style-wide\"\/>\n\n\n\n<h2 class=\"wp-block-heading\" id=\"entrevistas-7549a4a6-50f3-4b88-af42-e4d8e11388d6\">ENTREVISTAS<\/h2>\n\n\n\n<p> Enlaces a entrevistas sobre el tema.<\/p>\n\n\n\n<hr class=\"wp-block-separator has-text-color has-background has-black-background-color has-black-color is-style-wide\"\/>\n\n\n\n<h2 class=\"wp-block-heading\" id=\"prensa-bf0866e5-1545-462a-9a84-a1e9588f73ca\">PRENSA<\/h2>\n\n\n\n<p>  Enlaces a publicaciones de prensa<\/p>\n\n\n\n<p><a rel=\"noreferrer noopener\" href=\"https:\/\/www.uypress.net\/Secciones\/Inauguran-Marca-de-la-Memoria-en-el-Obelisco-para-recordar-el-Rio-de-Libertad--uc46439\" data-type=\"URL\" data-id=\"https:\/\/www.uypress.net\/Secciones\/Inauguran-Marca-de-la-Memoria-en-el-Obelisco-para-recordar-el-Rio-de-Libertad--uc46439\" target=\"_blank\">27 DE NOVIEMBRE. Inauguran Marca de la Memoria en el Obelisco para recordar el \u201cR\u00edo de Libertad\u201d. UyPress. 21.11.2013<\/a><\/p>\n\n\n\n<p><a rel=\"noreferrer noopener\" href=\"https:\/\/www.uypress.net\/Secciones\/Acto-del-Obelisco-marcar-la-ciudad-para-reconstruir-la-memoria-colectiva-uc46609\" data-type=\"URL\" data-id=\"https:\/\/www.uypress.net\/Secciones\/Acto-del-Obelisco-marcar-la-ciudad-para-reconstruir-la-memoria-colectiva-uc46609\" target=\"_blank\">Acto del Obelisco: marcar la ciudad para reconstruir la memoria colectiva. <\/a>A 30 a\u00f1os. UyPress. 27.11.2013 <\/p>\n\n\n\n<p><a rel=\"noreferrer noopener\" href=\"https:\/\/www.lr21.com.uy\/comunidad\/1144936-marca-memoria-rio-libertad-obelisco-constituyentes-montevideo\" target=\"_blank\">\u201cMarca de la Memoria\u201d recuerda el \u201cR\u00edo de Libertad\u201d contra la dictadura<\/a>. 30 A\u00d1OS. LaRed21. 27 de noviembre de 2013, 21:41hs<\/p>\n\n\n\n<p><a href=\"https:\/\/www.elpais.com.uy\/informacion\/politica\/historico-acto-obelisco-dijeron-protagonistas.html\" data-type=\"URL\" data-id=\"https:\/\/www.elpais.com.uy\/informacion\/politica\/historico-acto-obelisco-dijeron-protagonistas.html\" target=\"_blank\" rel=\"noreferrer noopener\">El \u00faltimo golpe a la dictadura. <\/a>A 35 a\u00f1os del hist\u00f3rico acto del Obelisco record\u00e1 qu\u00e9 dijeron sus protagonistas ese d\u00eda. El Pa\u00eds. Martes, 27 Noviembre 2018 04:10.<\/p>\n\n\n\n<p><a href=\"http:\/\/eldiario.com.uy\/2013\/11\/27\/hoy-se-inaugurara-la-tercera-marca-de-la-memoria-en-el-obelisco\/\" data-type=\"URL\" data-id=\"http:\/\/eldiario.com.uy\/2013\/11\/27\/hoy-se-inaugurara-la-tercera-marca-de-la-memoria-en-el-obelisco\/\" target=\"_blank\" rel=\"noreferrer noopener\">Hoy se inaugurar\u00e1 la tercera Marca de la Memoria en el Obelisco. <\/a>El Diario. Por&nbsp;<strong>Agustina Pastor<\/strong>, el 27 noviembre, 2013.<\/p>\n\n\n\n<hr class=\"wp-block-separator has-text-color has-background has-black-background-color has-black-color is-style-wide\"\/>\n\n\n\n<h2 class=\"wp-block-heading\" id=\"publicaciones-5efd2e9a-bf03-44de-923a-b660fe1d8d82\">PUBLICACIONES<\/h2>\n\n\n\n<p>Enlace a publicaciones impresas, en pdf o formato de distribuci\u00f3n de otro tipo.<\/p>\n\n\n\n<hr class=\"wp-block-separator has-text-color has-background has-black-background-color has-black-color is-style-wide\"\/>\n\n\n\n<h2 class=\"wp-block-heading\" id=\"enlaces-71ce6fa2-cd0f-4666-8ec7-a33141cd936d\">ENLACES<\/h2>\n\n\n\n<p> Enlaces a publicaciones en sitios web <\/p>\n\n\n\n<p><a rel=\"noreferrer noopener\" href=\"https:\/\/montevideoantiguo.net\/index.php\/hitos-historicos\/acto-del-obelisco.html\" data-type=\"URL\" data-id=\"https:\/\/montevideoantiguo.net\/index.php\/hitos-historicos\/acto-del-obelisco.html\" target=\"_blank\">Hitos Hist\u00f3ricos. Acto del Obelisco.<\/a> &nbsp;Publicado el 27 de noviembre de 2019.<\/p>\n\n\n\n<p><a href=\"http:\/\/www.universidad.edu.uy\/prensa\/renderItem\/itemId\/42919\" data-type=\"URL\" data-id=\"http:\/\/www.universidad.edu.uy\/prensa\/renderItem\/itemId\/42919\" target=\"_blank\" rel=\"noreferrer noopener\">35 a\u00f1os del acto del Obelisco:&nbsp;<em>Por un Uruguay sin exclusiones<\/em><br><\/a>Universidad de la Rep\u00fablica. Publicado el martes 27 de noviembre de 2018.<\/p>\n<style class=\"advgb-styles-renderer\">#kt-layout-id_8f25e6-59{margin-bottom:0px;}#kt-layout-id_8f25e6-59 > .kt-row-column-wrap{align-content:start;}:where(#kt-layout-id_8f25e6-59 > .kt-row-column-wrap) > .wp-block-kadence-column{justify-content:start;}#kt-layout-id_8f25e6-59 > .kt-row-column-wrap{column-gap:var(--global-kb-gap-md, 2rem);row-gap:var(--global-kb-gap-md, 2rem);padding-top:var( --global-kb-row-default-top, 25px );padding-bottom:var( --global-kb-row-default-bottom, 25px );padding-top:var(--global-kb-spacing-sm, 1.5rem);padding-bottom:var(--global-kb-spacing-sm, 1.5rem);grid-template-columns:repeat(2, minmax(0, 1fr));}#kt-layout-id_8f25e6-59{background-color:rgba(155,81,224,0.19);}#kt-layout-id_8f25e6-59 > .kt-row-layout-overlay{opacity:0.30;}@media all and (max-width: 1024px){#kt-layout-id_8f25e6-59 > .kt-row-column-wrap{grid-template-columns:repeat(2, minmax(0, 1fr));}}@media all and (max-width: 767px){#kt-layout-id_8f25e6-59 > .kt-row-column-wrap{grid-template-columns:minmax(0, 1fr);}}.kadence-column_e2d707-8d > .kt-inside-inner-col{border-top-width:0px;border-right-width:0px;border-bottom-width:0px;border-left-width:0px;}.kadence-column_e2d707-8d > .kt-inside-inner-col,.kadence-column_e2d707-8d > .kt-inside-inner-col:before{border-top-left-radius:0px;border-top-right-radius:0px;border-bottom-right-radius:0px;border-bottom-left-radius:0px;}.kadence-column_e2d707-8d > .kt-inside-inner-col{column-gap:var(--global-kb-gap-sm, 1rem);}.kadence-column_e2d707-8d > .kt-inside-inner-col{flex-direction:column;}.kadence-column_e2d707-8d > .kt-inside-inner-col > .aligncenter{width:100%;}.kadence-column_e2d707-8d > .kt-inside-inner-col:before{opacity:0.3;}.kadence-column_e2d707-8d{position:relative;}@media all and (max-width: 1024px){.kadence-column_e2d707-8d > .kt-inside-inner-col{flex-direction:column;}}@media all and (max-width: 767px){.kadence-column_e2d707-8d > .kt-inside-inner-col{flex-direction:column;}}.kadence-column_f15d98-94 > .kt-inside-inner-col{border-top-width:0px;border-right-width:0px;border-bottom-width:0px;border-left-width:0px;}.kadence-column_f15d98-94 > .kt-inside-inner-col,.kadence-column_f15d98-94 > .kt-inside-inner-col:before{border-top-left-radius:0px;border-top-right-radius:0px;border-bottom-right-radius:0px;border-bottom-left-radius:0px;}.kadence-column_f15d98-94 > .kt-inside-inner-col{column-gap:var(--global-kb-gap-sm, 1rem);}.kadence-column_f15d98-94 > .kt-inside-inner-col{flex-direction:column;}.kadence-column_f15d98-94 > .kt-inside-inner-col > .aligncenter{width:100%;}.kadence-column_f15d98-94 > .kt-inside-inner-col:before{opacity:0.3;}.kadence-column_f15d98-94{position:relative;}@media all and (max-width: 1024px){.kadence-column_f15d98-94 > .kt-inside-inner-col{flex-direction:column;}}@media all and (max-width: 767px){.kadence-column_f15d98-94 > .kt-inside-inner-col{flex-direction:column;}}#kt-layout-id_fc14e1-bf{margin-bottom:0px;}#kt-layout-id_fc14e1-bf > .kt-row-column-wrap{align-content:start;}:where(#kt-layout-id_fc14e1-bf > .kt-row-column-wrap) > .wp-block-kadence-column{justify-content:start;}#kt-layout-id_fc14e1-bf > .kt-row-column-wrap{column-gap:var(--global-kb-gap-md, 2rem);row-gap:var(--global-kb-gap-md, 2rem);padding-top:var( --global-kb-row-default-top, 25px );padding-bottom:var( --global-kb-row-default-bottom, 25px );padding-top:var(--global-kb-spacing-sm, 1.5rem);padding-bottom:var(--global-kb-spacing-sm, 1.5rem);grid-template-columns:repeat(2, minmax(0, 1fr));}#kt-layout-id_fc14e1-bf{background-color:rgba(155,81,224,0.19);}#kt-layout-id_fc14e1-bf > .kt-row-layout-overlay{opacity:0.30;}@media all and (max-width: 1024px){#kt-layout-id_fc14e1-bf > .kt-row-column-wrap{grid-template-columns:repeat(2, minmax(0, 1fr));}}@media all and (max-width: 767px){#kt-layout-id_fc14e1-bf > .kt-row-column-wrap{grid-template-columns:minmax(0, 1fr);}}.kadence-column_ac7b98-93 > .kt-inside-inner-col{border-top-width:0px;border-right-width:0px;border-bottom-width:0px;border-left-width:0px;}.kadence-column_ac7b98-93 > .kt-inside-inner-col,.kadence-column_ac7b98-93 > .kt-inside-inner-col:before{border-top-left-radius:0px;border-top-right-radius:0px;border-bottom-right-radius:0px;border-bottom-left-radius:0px;}.kadence-column_ac7b98-93 > .kt-inside-inner-col{column-gap:var(--global-kb-gap-sm, 1rem);}.kadence-column_ac7b98-93 > .kt-inside-inner-col{flex-direction:column;}.kadence-column_ac7b98-93 > .kt-inside-inner-col > .aligncenter{width:100%;}.kadence-column_ac7b98-93 > .kt-inside-inner-col:before{opacity:0.3;}.kadence-column_ac7b98-93{position:relative;}@media all and (max-width: 1024px){.kadence-column_ac7b98-93 > .kt-inside-inner-col{flex-direction:column;}}@media all and (max-width: 767px){.kadence-column_ac7b98-93 > .kt-inside-inner-col{flex-direction:column;}}.kadence-column_253d78-e8 > .kt-inside-inner-col{border-top-width:0px;border-right-width:0px;border-bottom-width:0px;border-left-width:0px;}.kadence-column_253d78-e8 > .kt-inside-inner-col,.kadence-column_253d78-e8 > .kt-inside-inner-col:before{border-top-left-radius:0px;border-top-right-radius:0px;border-bottom-right-radius:0px;border-bottom-left-radius:0px;}.kadence-column_253d78-e8 > .kt-inside-inner-col{column-gap:var(--global-kb-gap-sm, 1rem);}.kadence-column_253d78-e8 > .kt-inside-inner-col{flex-direction:column;}.kadence-column_253d78-e8 > .kt-inside-inner-col > .aligncenter{width:100%;}.kadence-column_253d78-e8 > .kt-inside-inner-col:before{opacity:0.3;}.kadence-column_253d78-e8{position:relative;}@media all and (max-width: 1024px){.kadence-column_253d78-e8 > .kt-inside-inner-col{flex-direction:column;}}@media all and (max-width: 767px){.kadence-column_253d78-e8 > .kt-inside-inner-col{flex-direction:column;}}#kt-layout-id_c9069d-b7{margin-bottom:0px;}#kt-layout-id_c9069d-b7 > .kt-row-column-wrap{align-content:start;}:where(#kt-layout-id_c9069d-b7 > .kt-row-column-wrap) > .wp-block-kadence-column{justify-content:start;}#kt-layout-id_c9069d-b7 > .kt-row-column-wrap{column-gap:var(--global-kb-gap-md, 2rem);row-gap:var(--global-kb-gap-md, 2rem);padding-top:var( --global-kb-row-default-top, 25px );padding-bottom:var( --global-kb-row-default-bottom, 25px );padding-top:var(--global-kb-spacing-sm, 1.5rem);padding-bottom:var(--global-kb-spacing-sm, 1.5rem);grid-template-columns:repeat(2, minmax(0, 1fr));}#kt-layout-id_c9069d-b7{background-color:rgba(155,81,224,0.19);}#kt-layout-id_c9069d-b7 > .kt-row-layout-overlay{opacity:0.30;}@media all and (max-width: 1024px){#kt-layout-id_c9069d-b7 > .kt-row-column-wrap{grid-template-columns:repeat(2, minmax(0, 1fr));}}@media all and (max-width: 767px){#kt-layout-id_c9069d-b7 > .kt-row-column-wrap{grid-template-columns:minmax(0, 1fr);}}.kadence-column_0ea4f1-8a > .kt-inside-inner-col{border-top-width:0px;border-right-width:0px;border-bottom-width:0px;border-left-width:0px;}.kadence-column_0ea4f1-8a > .kt-inside-inner-col,.kadence-column_0ea4f1-8a > .kt-inside-inner-col:before{border-top-left-radius:0px;border-top-right-radius:0px;border-bottom-right-radius:0px;border-bottom-left-radius:0px;}.kadence-column_0ea4f1-8a > .kt-inside-inner-col{column-gap:var(--global-kb-gap-sm, 1rem);}.kadence-column_0ea4f1-8a > .kt-inside-inner-col{flex-direction:column;}.kadence-column_0ea4f1-8a > .kt-inside-inner-col > .aligncenter{width:100%;}.kadence-column_0ea4f1-8a > .kt-inside-inner-col:before{opacity:0.3;}.kadence-column_0ea4f1-8a{position:relative;}@media all and (max-width: 1024px){.kadence-column_0ea4f1-8a > .kt-inside-inner-col{flex-direction:column;}}@media all and (max-width: 767px){.kadence-column_0ea4f1-8a > .kt-inside-inner-col{flex-direction:column;}}.kadence-column_6f8c92-eb > .kt-inside-inner-col{border-top-width:0px;border-right-width:0px;border-bottom-width:0px;border-left-width:0px;}.kadence-column_6f8c92-eb > .kt-inside-inner-col,.kadence-column_6f8c92-eb > .kt-inside-inner-col:before{border-top-left-radius:0px;border-top-right-radius:0px;border-bottom-right-radius:0px;border-bottom-left-radius:0px;}.kadence-column_6f8c92-eb > .kt-inside-inner-col{column-gap:var(--global-kb-gap-sm, 1rem);}.kadence-column_6f8c92-eb > .kt-inside-inner-col{flex-direction:column;}.kadence-column_6f8c92-eb > .kt-inside-inner-col > .aligncenter{width:100%;}.kadence-column_6f8c92-eb > .kt-inside-inner-col:before{opacity:0.3;}.kadence-column_6f8c92-eb{position:relative;}@media all and (max-width: 1024px){.kadence-column_6f8c92-eb > .kt-inside-inner-col{flex-direction:column;}}@media all and (max-width: 767px){.kadence-column_6f8c92-eb > .kt-inside-inner-col{flex-direction:column;}}<\/style>","protected":false},"excerpt":{"rendered":"<p>Bulevar Artigas y Avenida 18 de Julio, Parque de Los Aliados, Montevideo. En los alrededores de este Obelisco de los Constituyentes se realiz\u00f3 una multitudinaria concentraci\u00f3n de 500.000 ciudadanos, el 27 de noviembre de 1983 en reclamo de Libertad, Democracia y Trabajo y el actor Alberto Candeau, de la Comedia Nacional, ley\u00f3 la proclama \u201cPor &#8230; <a title=\"8. Obelisco de los Constituyentes de 1830.\" class=\"read-more\" href=\"https:\/\/www.memoria.org.uy\/marcas\/8-obelisco-de-los-constituyentes\/\" aria-label=\"Leer m\u00e1s sobre 8. Obelisco de los Constituyentes de 1830.\">Leer m\u00e1s<\/a><\/p>\n","protected":false},"author":2,"featured_media":0,"parent":0,"menu_order":0,"comment_status":"closed","ping_status":"closed","template":"","meta":{"advgb_blocks_editor_width":"","advgb_blocks_columns_visual_guide":"","footnotes":""},"class_list":["post-365","page","type-page","status-publish"],"coauthors":[],"author_meta":{"author_link":"https:\/\/www.memoria.org.uy\/marcas\/author\/sensei\/","display_name":"sensei"},"relative_dates":{"created":"Publicado 5 a\u00f1os hace","modified":"Actualizado 5 a\u00f1os hace"},"absolute_dates":{"created":"Publicado el julio 28, 2021","modified":"Actualizado el julio 28, 2021"},"absolute_dates_time":{"created":"Publicado el julio 28, 2021 3:37 pm","modified":"Actualizado el julio 28, 2021 3:37 pm"},"featured_img_caption":"","featured_img":false,"series_order":"","_links":{"self":[{"href":"https:\/\/www.memoria.org.uy\/marcas\/wp-json\/wp\/v2\/pages\/365","targetHints":{"allow":["GET"]}}],"collection":[{"href":"https:\/\/www.memoria.org.uy\/marcas\/wp-json\/wp\/v2\/pages"}],"about":[{"href":"https:\/\/www.memoria.org.uy\/marcas\/wp-json\/wp\/v2\/types\/page"}],"author":[{"embeddable":true,"href":"https:\/\/www.memoria.org.uy\/marcas\/wp-json\/wp\/v2\/users\/2"}],"replies":[{"embeddable":true,"href":"https:\/\/www.memoria.org.uy\/marcas\/wp-json\/wp\/v2\/comments?post=365"}],"version-history":[{"count":0,"href":"https:\/\/www.memoria.org.uy\/marcas\/wp-json\/wp\/v2\/pages\/365\/revisions"}],"wp:attachment":[{"href":"https:\/\/www.memoria.org.uy\/marcas\/wp-json\/wp\/v2\/media?parent=365"}],"curies":[{"name":"wp","href":"https:\/\/api.w.org\/{rel}","templated":true}]}}