{"id":206,"date":"2021-07-20T20:40:40","date_gmt":"2021-07-20T20:40:40","guid":{"rendered":"https:\/\/sensei.uy\/marcas\/?page_id=206"},"modified":"2021-07-20T20:40:40","modified_gmt":"2021-07-20T20:40:40","slug":"a-las-5-en-punto","status":"publish","type":"page","link":"https:\/\/www.memoria.org.uy\/marcas\/a-las-5-en-punto\/","title":{"rendered":"2. Avenida 18 de Julio y R\u00edo Negro, Centro, Montevideo."},"content":{"rendered":"\n<div class=\"wp-block-media-text alignwide is-stacked-on-mobile has-background\" style=\"background-color:#f2eff5;grid-template-columns:52% auto\"><figure class=\"wp-block-media-text__media\"><img loading=\"lazy\" decoding=\"async\" width=\"400\" height=\"251\" src=\"https:\/\/www.memoria.org.uy\/marcas\/wp-content\/uploads\/2021\/07\/m02_cnt_9julio1.jpg\" alt=\"\" class=\"wp-image-310 size-full\" srcset=\"https:\/\/www.memoria.org.uy\/marcas\/wp-content\/uploads\/2021\/07\/m02_cnt_9julio1.jpg 400w, https:\/\/www.memoria.org.uy\/marcas\/wp-content\/uploads\/2021\/07\/m02_cnt_9julio1-300x188.jpg 300w\" sizes=\"auto, (max-width: 400px) 100vw, 400px\" \/><\/figure><div class=\"wp-block-media-text__content\">\n<p>En este lugar la oposici\u00f3n sindical, estudiantil y pol\u00edtica convoc\u00f3 el 9 de julio de 1973 a las cinco en punto de la tarde a la m\u00e1s importante manifestaci\u00f3n callejera realizada en Montevideo, durante la huelga general de dos semanas, contra el golpe de Estado y la dictadura.&nbsp;<\/p>\n<\/div><\/div>\n\n\n\n<hr class=\"wp-block-separator has-text-color has-background has-black-background-color has-black-color is-style-wide\"\/>\n\n\n\n<h2 class=\"wp-block-heading\" id=\"medios-e1ccef96-a234-4cba-9715-9a830e8bfffb\">MEDIOS<\/h2>\n\n\n\n<p>Enlaces a publicaciones en medios audiovisuales<\/p>\n\n\n\n<div class=\"wp-block-kadence-rowlayout alignnone\"><div id=\"kt-layout-id_e3202b-05\" class=\"kt-row-layout-inner kt-row-has-bg kt-layout-id_e3202b-05\"><div class=\"kt-row-column-wrap kt-has-2-columns kt-gutter-default kt-v-gutter-default kt-row-valign-top kt-row-layout-equal kt-tab-layout-inherit kt-m-colapse-left-to-right kt-mobile-layout-row\">\n<div class=\"wp-block-kadence-column inner-column-1 kadence-column_d80e3c-34\"><div class=\"kt-inside-inner-col\">\n<p>9 de julio de1973 &#8211; Resistencia a la Dictadura &#8211; Uruguay El locutor Ruben Castillo periodista y hombre de la cultura, se las ingeni\u00f3 aquel 9 de julio del 73 en Radio Sarand\u00ed para convocar al pueblo a la manifestaci\u00f3n de repudio a la dictadura con aquel poema inolvidable de Garc\u00eda Lorca \u00abA las cinco de la tarde\u00bb. repiti\u00f3 durante su programa decenas de veces la consigna a las \u00abcinco de la tarde\u00bb y por cada vez que lo hac\u00eda cientos de uruguayos responder\u00edan al llamado. Cuando fueron las cinco de la tarde, una gigantesca multitud con los principales dirigentes del Frente Amplio a la cabeza inund\u00f3 la Avenida convertida en gigantesca emboscada represiva. Aquella tarde el Ejercito y la Polic\u00eda se sacaron las ganas de reprimir a mansalva al pueblo oriental. Y los orientales brindaron generosamente una vez m\u00e1s su sangre, su pecho y su decisi\u00f3n de defender la libertad y la democracia. Detenidos los generales del pueblo, los patriotas uruguayos, los fascistas y la oligarqu\u00eda se crey\u00f3 con el camino libre hacia el futuro. Pero los partidos pol\u00edticos, los trabajadores y los estudiantes encontrar\u00edan en el futuro los caminos para organizarse y proseguir la lucha una y cien veces durante los catorce a\u00f1os de opresi\u00f3n y muerte. El pueblo constru\u00eda silenciosamente su estrategia y el enemigo lo golpeaba cada vez con m\u00e1s sa\u00f1a hasta destruirla y al otro d\u00eda nuevamente alguien se pon\u00eda tozudamente en pie para juntar los restos que quedaban y encender la llama de la lucha.<\/p>\n<\/div><\/div>\n\n\n\n<div class=\"wp-block-kadence-column inner-column-2 kadence-column_f3f0bc-ee\"><div class=\"kt-inside-inner-col\">\n<figure class=\"wp-block-embed is-type-video is-provider-youtube wp-block-embed-youtube wp-embed-aspect-4-3 wp-has-aspect-ratio\"><div class=\"wp-block-embed__wrapper\">\n<iframe loading=\"lazy\" title=\"A las 5 de la tarde\" width=\"1200\" height=\"900\" src=\"https:\/\/www.youtube.com\/embed\/tlWjYYnZMjA?start=1&#038;feature=oembed\" frameborder=\"0\" allow=\"accelerometer; autoplay; clipboard-write; encrypted-media; gyroscope; picture-in-picture\" allowfullscreen><\/iframe>\n<\/div><\/figure>\n<\/div><\/div>\n<\/div><\/div><\/div>\n\n\n\n<p><strong>\u00abA las cinco en punto\u00bb. <\/strong><br>Documental de Jos\u00e9 Pedro Charlo, Universindo Rodr\u00edguez y Mar\u00eda Eugenia Jung. <a href=\"https:\/\/www.youtube.com\/watch?v=r2rwZjFZJzw\" data-type=\"URL\" data-id=\"https:\/\/www.youtube.com\/watch?v=r2rwZjFZJzw\" target=\"_blank\" rel=\"noreferrer noopener\">Ver en Youtube.<\/a><\/p>\n\n\n\n<hr class=\"wp-block-separator has-text-color has-background has-black-background-color has-black-color is-style-wide\"\/>\n\n\n\n<h2 class=\"wp-block-heading\" id=\"entrevistas-7549a4a6-50f3-4b88-af42-e4d8e11388d6\">ENTREVISTAS<\/h2>\n\n\n\n<p><strong>Conversamos con\u00a0Luis Iguin\u00ed.<br><\/strong><a rel=\"noreferrer noopener\" href=\"https:\/\/www.radiocamacua.uy\/2019\/07\/hay-fechas-que-no-podes-olvidar-9-de-julio-1973-a-las-cinco-en-punto\/\" data-type=\"URL\" data-id=\"https:\/\/www.radiocamacua.uy\/2019\/07\/hay-fechas-que-no-podes-olvidar-9-de-julio-1973-a-las-cinco-en-punto\/\" target=\"_blank\"><strong>Radio Camacu\u00e1. 9 DE JULIO 1973, \u00abA LAS CINCO EN PUNTO\u00bb JUL 9, 2019<\/strong><br><\/a>Para conocer m\u00e1s sobre esta movilizaci\u00f3n conversamos con\u00a0<strong>Luis Iguin\u00ed<\/strong>, fundador de la Confederaci\u00f3n de Obreros y Funcionarios del Estado (COFE) y de la CNT.\u00a0Iguin\u00ed explic\u00f3 la situaci\u00f3n del pa\u00eds, previa al golpe y la unificaci\u00f3n sindical en la conformaci\u00f3n de la CNT, necesaria para que fuera posible la huelga general masiva que paraliz\u00f3 al pa\u00eds durante quince d\u00edas.<br><a href=\"https:\/\/www.radiocamacua.uy\/2019\/07\/hay-fechas-que-no-podes-olvidar-9-de-julio-1973-a-las-cinco-en-punto\/\" data-type=\"URL\" data-id=\"https:\/\/www.radiocamacua.uy\/2019\/07\/hay-fechas-que-no-podes-olvidar-9-de-julio-1973-a-las-cinco-en-punto\/\">Escuchar en este enlace.<\/a><\/p>\n\n\n\n<hr class=\"wp-block-separator has-text-color has-background has-black-background-color has-black-color is-style-wide\"\/>\n\n\n\n<h2 class=\"wp-block-heading\" id=\"prensa-bf0866e5-1545-462a-9a84-a1e9588f73ca\">PRENSA<\/h2>\n\n\n\n<p>  Enlaces a publicaciones de prensa<\/p>\n\n\n\n<p><a href=\"https:\/\/elpopular.uy\/9-de-julio-un-dia-de-lucha-y-dignidad\/\" data-type=\"URL\" data-id=\"https:\/\/elpopular.uy\/9-de-julio-un-dia-de-lucha-y-dignidad\/\">9<\/a><a rel=\"noreferrer noopener\" href=\"https:\/\/elpopular.uy\/9-de-julio-un-dia-de-lucha-y-dignidad\/\" data-type=\"URL\" data-id=\"https:\/\/elpopular.uy\/9-de-julio-un-dia-de-lucha-y-dignidad\/\" target=\"_blank\"> de julio: un d\u00eda de lucha y dignidad.<\/a> La manifestaci\u00f3n contra la dictadura y el asalto fascista al diario EL POPULAR. 10\/07\/2020<\/p>\n\n\n\n<p><a rel=\"noreferrer noopener\" href=\"https:\/\/www.laondadigital.uy\/archivos\/14687\" data-type=\"URL\" data-id=\"https:\/\/www.laondadigital.uy\/archivos\/14687\" target=\"_blank\">\u201cA las cinco de la tarde. Eran las cinco en punto de la tarde\u00bb<\/a> La Onda Digital. \u2026 rememorando los sucesos del 9 de julio de 1973, acto de resistencia popular contra la dictadura en Uruguay.<\/p>\n\n\n\n<hr class=\"wp-block-separator has-text-color has-background has-black-background-color has-black-color is-style-wide\"\/>\n\n\n\n<h2 class=\"wp-block-heading\" id=\"publicaciones-5efd2e9a-bf03-44de-923a-b660fe1d8d82\">PUBLICACIONES<\/h2>\n\n\n\n<p>Enlaces a publicaciones impresas, en pdf o formato de distribuci\u00f3n de otro tipo.<\/p>\n\n\n\n<hr class=\"wp-block-separator has-text-color has-background has-black-background-color has-black-color is-style-wide\"\/>\n\n\n\n<h2 class=\"wp-block-heading\" id=\"enlaces-71ce6fa2-cd0f-4666-8ec7-a33141cd936d\">ENLACES<\/h2>\n\n\n\n<p> Enlaces a publicaciones en sitios web <\/p>\n\n\n\n<p><\/p>\n\n\n\n<p><a href=\"https:\/\/www.republica.com.uy\/el-9-de-julio-de-1973-los-uruguayos-salieron-a-la-calle-a-defender-las-instituciones-id774286\/\" data-type=\"URL\" data-id=\"https:\/\/www.republica.com.uy\/el-9-de-julio-de-1973-los-uruguayos-salieron-a-la-calle-a-defender-las-instituciones-id774286\/\" target=\"_blank\" rel=\"noreferrer noopener\">El 9 de julio de 1973 los uruguayos salieron a la calle a defender las instituciones. <\/a>Sin bandos pol\u00edticos, sin insignias: la consigna era el retorno a la democracia mancillada. La Rep\u00fablica. Por&nbsp;<a href=\"https:\/\/www.republica.com.uy\/author\/anamariab\/\">Ana Mar\u00eda Bonilla<\/a>.&nbsp;9 julio, 2020.<\/p>\n\n\n\n<p><a rel=\"noreferrer noopener\" href=\"http:\/\/www.universidad.edu.uy\/prensa\/renderItem\/itemId\/33535\" data-type=\"URL\" data-id=\"http:\/\/www.universidad.edu.uy\/prensa\/renderItem\/itemId\/33535\" target=\"_blank\">Resistencia de ayer debe ser inspiraci\u00f3n para avanzar por el camino del desarrollo integral. <br><\/a>Universidad de la Rep\u00fablica.<\/p>\n<style class=\"advgb-styles-renderer\">#kt-layout-id_e3202b-05{margin-bottom:0px;}#kt-layout-id_e3202b-05 > .kt-row-column-wrap{align-content:start;}:where(#kt-layout-id_e3202b-05 > .kt-row-column-wrap) > .wp-block-kadence-column{justify-content:start;}#kt-layout-id_e3202b-05 > .kt-row-column-wrap{column-gap:var(--global-kb-gap-md, 2rem);row-gap:var(--global-kb-gap-md, 2rem);padding-top:var( --global-kb-row-default-top, 25px );padding-bottom:var( --global-kb-row-default-bottom, 25px );padding-top:var(--global-kb-spacing-sm, 1.5rem);padding-bottom:var(--global-kb-spacing-sm, 1.5rem);grid-template-columns:repeat(2, minmax(0, 1fr));}#kt-layout-id_e3202b-05{background-color:rgba(155,81,224,0.19);}#kt-layout-id_e3202b-05 > .kt-row-layout-overlay{opacity:0.30;}@media all and (max-width: 1024px){#kt-layout-id_e3202b-05 > .kt-row-column-wrap{grid-template-columns:repeat(2, minmax(0, 1fr));}}@media all and (max-width: 767px){#kt-layout-id_e3202b-05 > .kt-row-column-wrap{grid-template-columns:minmax(0, 1fr);}}.kadence-column_d80e3c-34 > .kt-inside-inner-col{border-top-width:0px;border-right-width:0px;border-bottom-width:0px;border-left-width:0px;}.kadence-column_d80e3c-34 > .kt-inside-inner-col,.kadence-column_d80e3c-34 > .kt-inside-inner-col:before{border-top-left-radius:0px;border-top-right-radius:0px;border-bottom-right-radius:0px;border-bottom-left-radius:0px;}.kadence-column_d80e3c-34 > .kt-inside-inner-col{column-gap:var(--global-kb-gap-sm, 1rem);}.kadence-column_d80e3c-34 > .kt-inside-inner-col{flex-direction:column;}.kadence-column_d80e3c-34 > .kt-inside-inner-col > .aligncenter{width:100%;}.kadence-column_d80e3c-34 > .kt-inside-inner-col:before{opacity:0.3;}.kadence-column_d80e3c-34{position:relative;}@media all and (max-width: 1024px){.kadence-column_d80e3c-34 > .kt-inside-inner-col{flex-direction:column;}}@media all and (max-width: 767px){.kadence-column_d80e3c-34 > .kt-inside-inner-col{flex-direction:column;}}.kadence-column_f3f0bc-ee > .kt-inside-inner-col{border-top-width:0px;border-right-width:0px;border-bottom-width:0px;border-left-width:0px;}.kadence-column_f3f0bc-ee > .kt-inside-inner-col,.kadence-column_f3f0bc-ee > .kt-inside-inner-col:before{border-top-left-radius:0px;border-top-right-radius:0px;border-bottom-right-radius:0px;border-bottom-left-radius:0px;}.kadence-column_f3f0bc-ee > .kt-inside-inner-col{column-gap:var(--global-kb-gap-sm, 1rem);}.kadence-column_f3f0bc-ee > .kt-inside-inner-col{flex-direction:column;}.kadence-column_f3f0bc-ee > .kt-inside-inner-col > .aligncenter{width:100%;}.kadence-column_f3f0bc-ee > .kt-inside-inner-col:before{opacity:0.3;}.kadence-column_f3f0bc-ee{position:relative;}@media all and (max-width: 1024px){.kadence-column_f3f0bc-ee > .kt-inside-inner-col{flex-direction:column;}}@media all and (max-width: 767px){.kadence-column_f3f0bc-ee > .kt-inside-inner-col{flex-direction:column;}}<\/style>","protected":false},"excerpt":{"rendered":"<p>En este lugar la oposici\u00f3n sindical, estudiantil y pol\u00edtica convoc\u00f3 el 9 de julio de 1973 a las cinco en punto de la tarde a la m\u00e1s importante manifestaci\u00f3n callejera realizada en Montevideo, durante la huelga general de dos semanas, contra el golpe de Estado y la dictadura.&nbsp; MEDIOS Enlaces a publicaciones en medios audiovisuales &#8230; <a title=\"2. Avenida 18 de Julio y R\u00edo Negro, Centro, Montevideo.\" class=\"read-more\" href=\"https:\/\/www.memoria.org.uy\/marcas\/a-las-5-en-punto\/\" aria-label=\"Leer m\u00e1s sobre 2. Avenida 18 de Julio y R\u00edo Negro, Centro, Montevideo.\">Leer m\u00e1s<\/a><\/p>\n","protected":false},"author":2,"featured_media":0,"parent":0,"menu_order":0,"comment_status":"closed","ping_status":"closed","template":"","meta":{"advgb_blocks_editor_width":"","advgb_blocks_columns_visual_guide":"","footnotes":""},"class_list":["post-206","page","type-page","status-publish"],"coauthors":[],"author_meta":{"author_link":"https:\/\/www.memoria.org.uy\/marcas\/author\/sensei\/","display_name":"sensei"},"relative_dates":{"created":"Publicado 5 a\u00f1os hace","modified":"Actualizado 5 a\u00f1os hace"},"absolute_dates":{"created":"Publicado el julio 20, 2021","modified":"Actualizado el julio 20, 2021"},"absolute_dates_time":{"created":"Publicado el julio 20, 2021 8:40 pm","modified":"Actualizado el julio 20, 2021 8:40 pm"},"featured_img_caption":"","featured_img":false,"series_order":"","_links":{"self":[{"href":"https:\/\/www.memoria.org.uy\/marcas\/wp-json\/wp\/v2\/pages\/206","targetHints":{"allow":["GET"]}}],"collection":[{"href":"https:\/\/www.memoria.org.uy\/marcas\/wp-json\/wp\/v2\/pages"}],"about":[{"href":"https:\/\/www.memoria.org.uy\/marcas\/wp-json\/wp\/v2\/types\/page"}],"author":[{"embeddable":true,"href":"https:\/\/www.memoria.org.uy\/marcas\/wp-json\/wp\/v2\/users\/2"}],"replies":[{"embeddable":true,"href":"https:\/\/www.memoria.org.uy\/marcas\/wp-json\/wp\/v2\/comments?post=206"}],"version-history":[{"count":0,"href":"https:\/\/www.memoria.org.uy\/marcas\/wp-json\/wp\/v2\/pages\/206\/revisions"}],"wp:attachment":[{"href":"https:\/\/www.memoria.org.uy\/marcas\/wp-json\/wp\/v2\/media?parent=206"}],"curies":[{"name":"wp","href":"https:\/\/api.w.org\/{rel}","templated":true}]}}